{"id":3768,"date":"2020-02-04T10:09:22","date_gmt":"2020-02-04T13:09:22","guid":{"rendered":"https:\/\/www2.unicentro.br\/ppge\/?page_id=3768"},"modified":"2026-02-19T14:28:34","modified_gmt":"2026-02-19T17:28:34","slug":"dissertacoes-2020","status":"publish","type":"page","link":"https:\/\/www2.unicentro.br\/ppge\/dissertacoes-2020\/","title":{"rendered":"Disserta\u00e7\u00f5es 2020"},"content":{"rendered":"<p>&nbsp;<\/p>\n<table style=\"width: 100%;height: 939px\">\n<tbody>\n<tr style=\"background-color: #c4c4c4\">\n<td style=\"text-align: center;height: 21px;width: 22.8861%\"><strong>AUTOR(A)<\/strong><\/td>\n<td style=\"text-align: center;height: 21px;width: 42.3901%\"><strong>T\u00cdTULO<\/strong><\/td>\n<td style=\"text-align: center;height: 21px;width: 19.3912%\"><strong>ORIENTADOR(A)<\/strong><\/td>\n<td style=\"text-align: center;height: 21px;width: 14.4307%\"><strong>DISSERTA\u00c7\u00c3O<\/strong><\/td>\n<\/tr>\n<tr style=\"height: 34px\">\n<td style=\"text-align: center;height: 34px;width: 22.8861%;background-color: #a3d5f0\">ADRIANA CRISTINA M\u00dcLLER<\/td>\n<td style=\"text-align: center;height: 34px;width: 42.3901%;background-color: #a3d5f0\">MULHERES MPA-PR LUTAS, FORMA\u00c7\u00c3O E CONSTRU\u00c7\u00c3O DE IDENTIDADES<\/td>\n<td style=\"text-align: center;height: 34px;width: 19.3912%;background-color: #a3d5f0\">Prof. Dr. Alessandro de Melo<\/td>\n<td style=\"text-align: center;height: 34px;width: 14.4307%;background-color: #a3d5f0\"><a href=\"https:\/\/www2.unicentro.br\/ppge\/files\/2025\/02\/DISSERTACAO-VERSAO-FINAL-Adriana-muller_compressed.pdf\"><img loading=\"lazy\" decoding=\"async\" class=\"aligncenter\" src=\"http:\/\/www2.unicentro.br\/ppge\/files\/2016\/06\/d-pdf-100x100.png\" alt=\"\" width=\"30\" height=\"30\" \/><\/a><\/td>\n<\/tr>\n<tr style=\"background-color: #c4c4c4\">\n<td style=\"text-align: center;height: 34px;width: 22.8861%;background-color: #ffffff\">ADONIAS NELSON DA LUZ<\/td>\n<td style=\"text-align: center;height: 34px;width: 42.3901%;background-color: #ffffff\">A BASE NACIONAL COMUM CURRICULAR PARA O ENSINO M\u00c9DIO: O ENGODO DA FORMA\u00c7\u00c3O<\/td>\n<td style=\"text-align: center;height: 34px;width: 19.3912%;background-color: #ffffff\">Prof.\u00aa Dr.\u00aa Luciane Neuvald<\/td>\n<td style=\"text-align: center;height: 34px;width: 14.4307%;background-color: #ffffff\"><a href=\"https:\/\/tede.unicentro.br\/jspui\/bitstream\/jspui\/1481\/2\/Adonias_Vers%c3%a3o_Final.pdf\"><img loading=\"lazy\" decoding=\"async\" class=\"aligncenter\" src=\"http:\/\/www2.unicentro.br\/ppge\/files\/2016\/06\/d-pdf-100x100.png\" alt=\"\" width=\"30\" height=\"30\" \/><\/a><\/td>\n<\/tr>\n<tr style=\"height: 34px\">\n<td style=\"text-align: center;height: 34px;width: 22.8861%;background-color: #a3d5f0\">ALINE CRISTIANE RIBEIRO FERREIRA DOS SANTOS<\/td>\n<td style=\"text-align: center;height: 34px;width: 42.3901%;background-color: #a3d5f0\">CORPOREIDADE INFANTIL: QUANDO O CORPO-CRIAN\u00c7A \u00c9 TRANSFORMADO NO CORPO-ALUNO<\/td>\n<td style=\"text-align: center;height: 34px;width: 19.3912%;background-color: #a3d5f0\">Prof.\u00aa Dr.\u00aa Aliandra Cristina Mesomo Lira<\/td>\n<td style=\"text-align: center;height: 34px;width: 14.4307%;background-color: #a3d5f0\"><a href=\"https:\/\/tede.unicentro.br\/jspui\/bitstream\/jspui\/1501\/2\/Disserta%c3%a7%c3%a3o_corporeidade%20infantil_quando%20ocorpo%20crian%c3%a7a%20%c3%a9%20transformado%20no%20corpo%20aluno_Aline_2020_ppge.pdf\"><img loading=\"lazy\" decoding=\"async\" class=\"aligncenter\" src=\"http:\/\/www2.unicentro.br\/ppge\/files\/2016\/06\/d-pdf-100x100.png\" alt=\"\" width=\"30\" height=\"30\" \/><\/a><\/td>\n<\/tr>\n<tr style=\"background-color: #c4c4c4\">\n<td style=\"text-align: center;height: 34px;width: 22.8861%;background-color: #ffffff\">ANDR\u00c9IA SCHACH FEY<\/td>\n<td style=\"text-align: center;height: 34px;width: 42.3901%;background-color: #ffffff\">MUSICISTAS MULHERES E SUA INCLUS\u00c3O EM PR\u00c1TICAS DE ARTE NO ENSINO FUNDAMENTAL<\/td>\n<td style=\"text-align: center;height: 34px;width: 19.3912%;background-color: #ffffff\">Prof.\u00aa Dr.\u00aa Margarida Gandara Rauen<\/td>\n<td style=\"text-align: center;height: 34px;width: 14.4307%;background-color: #ffffff\"><a href=\"https:\/\/tede.unicentro.br\/jspui\/bitstream\/jspui\/1492\/2\/Disserta%c3%a7%c3%a3o%20final%20ANDR%c3%89IA%20SCHACH%20FEY.pdf\"><img loading=\"lazy\" decoding=\"async\" class=\"aligncenter\" src=\"http:\/\/www2.unicentro.br\/ppge\/files\/2016\/06\/d-pdf-100x100.png\" alt=\"\" width=\"30\" height=\"30\" \/><\/a><\/td>\n<\/tr>\n<tr style=\"height: 34px\">\n<td style=\"text-align: center;height: 34px;width: 22.8861%;background-color: #a3d5f0\">ANDRIELI DAL PIZZOL<\/td>\n<td style=\"text-align: center;height: 34px;width: 42.3901%;background-color: #a3d5f0\">APRENDIZAGEM DOCENTE NA ERA DIGITAL: USOS E APROPRIA\u00c7\u00d5ES DE APLICATIVOS E SOFTWARES PARA A PRODU\u00c7\u00c3O TEXTUAL NA EDUCA\u00c7\u00c3O B\u00c1SICA.<\/td>\n<td style=\"text-align: center;height: 34px;width: 19.3912%;background-color: #a3d5f0\">Prof.\u00aa Dr.\u00aa Jamile Santinello<\/td>\n<td style=\"text-align: center;height: 34px;width: 14.4307%;background-color: #a3d5f0\"><a href=\"https:\/\/tede.unicentro.br\/jspui\/bitstream\/jspui\/1484\/2\/DISSERTA%c3%87%c3%83O%20-%20DEFESA%20-Andrieli%20Dal%20Pizzol%20-%20versao%20-%20final.pdf\"><img loading=\"lazy\" decoding=\"async\" class=\"aligncenter\" src=\"http:\/\/www2.unicentro.br\/ppge\/files\/2016\/06\/d-pdf-100x100.png\" alt=\"\" width=\"30\" height=\"30\" \/><\/a><\/td>\n<\/tr>\n<tr style=\"background-color: #c4c4c4\">\n<td style=\"text-align: center;height: 34px;width: 22.8861%;background-color: #ffffff\">\u00a0BRUNA GISELE BARBOSA<\/td>\n<td style=\"text-align: center;height: 34px;width: 42.3901%;background-color: #ffffff\">TEORIA DESENVOLVIMENTAL E A AVALIA\u00c7\u00c3O NAS AULAS DE EDUCA\u00c7\u00c3O F\u00cdSICA<\/td>\n<td style=\"text-align: center;height: 34px;width: 19.3912%;background-color: #ffffff\">Prof. Dr. Khaled Omar Mohamad El Tassa<\/td>\n<td style=\"text-align: center;height: 34px;width: 14.4307%;background-color: #ffffff\"><a href=\"https:\/\/tede.unicentro.br\/jspui\/bitstream\/jspui\/1503\/2\/Disserta%c3%a7%c3%a3o-%20Bruna%20Gisele%20Barbosa.pdf\"><img loading=\"lazy\" decoding=\"async\" class=\"aligncenter\" src=\"http:\/\/www2.unicentro.br\/ppge\/files\/2016\/06\/d-pdf-100x100.png\" alt=\"\" width=\"30\" height=\"30\" \/><\/a><\/td>\n<\/tr>\n<tr style=\"height: 34px\">\n<td style=\"text-align: center;height: 34px;width: 22.8861%;background-color: #a3d5f0\">DANIELE APARECIDA FERREIRA DE MORAIS<\/td>\n<td style=\"text-align: center;height: 34px;width: 42.3901%;background-color: #a3d5f0\">FORMA\u00c7\u00c3O CONTINUADA DAS PROFESSORAS DAS ESCOLAS MULTISSERIADAS DO CAMPO DE GOIOXIM-PR: TENS\u00d5ES E DESAFIOS NA TRANSFORMA\u00c7\u00c3O DA ESCOLA<\/td>\n<td style=\"text-align: center;height: 34px;width: 19.3912%;background-color: #a3d5f0\">Prof. Dr. Marcos Gehrke<\/td>\n<td style=\"text-align: center;height: 34px;width: 14.4307%;background-color: #a3d5f0\"><a href=\"https:\/\/tede.unicentro.br\/jspui\/bitstream\/jspui\/1489\/2\/Disserta%c3%a7%c3%a3o%20Daniele%20Morais.pdf\"><img loading=\"lazy\" decoding=\"async\" class=\"aligncenter\" src=\"http:\/\/www2.unicentro.br\/ppge\/files\/2016\/06\/d-pdf-100x100.png\" alt=\"\" width=\"30\" height=\"30\" \/><\/a><\/td>\n<\/tr>\n<tr style=\"background-color: #c4c4c4\">\n<td style=\"text-align: center;height: 34px;width: 22.8861%;background-color: #ffffff\">\n<p style=\"text-align: center\" align=\"left\"><span style=\"font-family: georgia, palatino, serif\">ELIANE MARIN<\/span><\/p>\n<\/td>\n<td class=\"metadataFieldValue\" style=\"width: 42.3901%;text-align: center;height: 34px;background-color: #ffffff\">CIBERIDENTIDADES NOS ANOS FINAIS DO ENSINO FUNDAMENTAL P\u00daBLICO: RELA\u00c7\u00d5ES NOS PROCESSOS DE ENSINO E APRENDIZAGEM<\/td>\n<td style=\"text-align: center;height: 34px;width: 19.3912%;background-color: #ffffff\">Prof.\u00aa Dr.\u00aa Jamile Santinello<\/td>\n<td style=\"text-align: center;height: 34px;width: 14.4307%;background-color: #ffffff\"><a href=\"https:\/\/tede.unicentro.br\/jspui\/bitstream\/jspui\/1505\/2\/ELIANE_MARIN_Disserta%c3%a7%c3%a3o_PPGE_2020.pdf\"><img loading=\"lazy\" decoding=\"async\" class=\"aligncenter\" src=\"http:\/\/www2.unicentro.br\/ppge\/files\/2016\/06\/d-pdf-100x100.png\" alt=\"\" width=\"30\" height=\"30\" \/><\/a><\/td>\n<\/tr>\n<tr style=\"height: 34px\">\n<td style=\"text-align: center;height: 34px;width: 22.8861%;background-color: #a3d5f0\">EMANUELLY PEPLINSKI<\/td>\n<td style=\"text-align: center;height: 34px;width: 42.3901%;background-color: #a3d5f0\">JUVENTUDES EXCLU\u00cdDAS DA ESCOLA NO MUNIC\u00cdPIO DE GUARAPUAVA\/PR: REPRESENTA\u00c7\u00d5ES SOCIAIS DE EDUCADORES SOBRE A EVAS\u00c3O NO ENSINO M\u00c9DIO<\/td>\n<td style=\"text-align: center;height: 34px;width: 19.3912%;background-color: #a3d5f0\">Prof. Dr. Alessandro de Melo<\/td>\n<td style=\"text-align: center;height: 34px;width: 14.4307%;background-color: #a3d5f0\"><a href=\"https:\/\/tede.unicentro.br\/jspui\/bitstream\/jspui\/1491\/2\/Disserta%c3%a7%c3%a3o%20Emanuelly.pdf\"><img loading=\"lazy\" decoding=\"async\" class=\"aligncenter\" src=\"http:\/\/www2.unicentro.br\/ppge\/files\/2016\/06\/d-pdf-100x100.png\" alt=\"\" width=\"30\" height=\"30\" \/><\/a><\/td>\n<\/tr>\n<tr style=\"background-color: #c4c4c4\">\n<td style=\"text-align: center;height: 34px;width: 22.8861%;background-color: #ffffff\">FERNANDA SEIDEL\u00a0 BORTOLOTTI<\/td>\n<td style=\"text-align: center;height: 34px;width: 42.3901%;background-color: #ffffff\">O ENSINO DE INGL\u00caS NA EDUCA\u00c7\u00c3O INFANTIL: PR\u00c1TICAS PEDAG\u00d3GICAS EM ESCOLAS DO MUNIC\u00cdPIO DE GUARAPUAVA \u2013 PR<\/td>\n<td style=\"text-align: center;height: 34px;width: 19.3912%;background-color: #ffffff\">Prof.\u00aa Dr.\u00aa Cibele Krause Lemke<\/td>\n<td style=\"text-align: center;height: 34px;width: 14.4307%;background-color: #ffffff\"><a href=\"https:\/\/tede.unicentro.br\/jspui\/bitstream\/jspui\/1490\/2\/Disserta%c3%a7%c3%a3o%20de%20Mestrado%20-%20Fernanda%20Seidel%20Bortolotti.pdf\"><img loading=\"lazy\" decoding=\"async\" class=\"aligncenter\" src=\"http:\/\/www2.unicentro.br\/ppge\/files\/2016\/06\/d-pdf-100x100.png\" alt=\"\" width=\"30\" height=\"30\" \/><\/a><\/td>\n<\/tr>\n<tr>\n<td class=\"metadataFieldValue\" style=\"width: 22.8861%;text-align: center;background-color: #a3d5f0\">\u00a0GRACIELE\u00a0LIPSUCH<\/td>\n<td style=\"text-align: center;height: 34px;width: 42.3901%;background-color: #a3d5f0\">POL\u00cdTICAS DE AVALIA\u00c7\u00c3O PARA ALFABETIZA\u00c7\u00c3O NO BRASIL E A BASE NACIONAL COMUM CURRICULAR (BNCC): NOVOS (VELHOS) MECANISMOS DE CONTROLE E RESPONSABILIZA\u00c7\u00c3O<\/td>\n<td style=\"text-align: center;height: 34px;width: 19.3912%;background-color: #a3d5f0\">Prof.\u00aa Dr.\u00aa Michelle Fernandes Lima<\/td>\n<td style=\"text-align: center;height: 34px;width: 14.4307%;background-color: #a3d5f0\"><a href=\"https:\/\/tede.unicentro.br\/jspui\/bitstream\/jspui\/1493\/2\/Disserta%c3%a7%c3%a3o%20Graciele%20%20Lipsuch%20-.pdf\"><img loading=\"lazy\" decoding=\"async\" class=\"aligncenter\" src=\"http:\/\/www2.unicentro.br\/ppge\/files\/2016\/06\/d-pdf-100x100.png\" alt=\"\" width=\"30\" height=\"30\" \/><\/a><\/td>\n<\/tr>\n<tr style=\"background-color: #c4c4c4\">\n<td style=\"text-align: center;height: 34px;width: 22.8861%;background-color: #ffffff\">\u00a0HEITOR ALEXANDRE TREVISANI LIPINSKI<\/td>\n<td style=\"text-align: center;height: 34px;width: 42.3901%;background-color: #ffffff\">O USO DAS TECNOLOGIAS APRESENTADAS NO LIVRO DID\u00c1TICO DE HIST\u00d3RIA DISTRIBU\u00cdDO AOS ALUNOS DE ESCOLAS P\u00daBLICAS E PRIVADAS EM CURITIBA E REGI\u00c3O<\/td>\n<td style=\"text-align: center;height: 34px;width: 19.3912%;background-color: #ffffff\">Prof. Dr. Geyso Dongley Germinari<\/td>\n<td style=\"text-align: center;height: 34px;width: 14.4307%;background-color: #ffffff\"><a href=\"https:\/\/tede.unicentro.br\/jspui\/bitstream\/jspui\/1502\/2\/Disserta%c3%a7%c3%a3o_Heitor_Lipinski_.pdf\"><img loading=\"lazy\" decoding=\"async\" class=\"aligncenter\" src=\"http:\/\/www2.unicentro.br\/ppge\/files\/2016\/06\/d-pdf-100x100.png\" alt=\"\" width=\"30\" height=\"30\" \/><\/a><\/td>\n<\/tr>\n<tr>\n<td class=\"metadataFieldValue\" style=\"width: 22.8861%;text-align: center;background-color: #a3d5f0\">\u00a0IARA APARECIDA DEITOS DALL SANTO<\/td>\n<td style=\"text-align: center;height: 34px;width: 42.3901%;background-color: #a3d5f0\">PENSAR E IMPLEMENTAR A PR\u00c9-ESCOLA DE UM JEITO DIFERENTE: PERCURSO E IMPRESS\u00d5ES INICIAIS ACERCA DAS SALAS AMBIENTES<\/td>\n<td style=\"text-align: center;height: 34px;width: 19.3912%;background-color: #a3d5f0\">Prof.\u00aa Dr.\u00aa Aliandra Cristina Mesomo Lira<\/td>\n<td style=\"text-align: center;height: 34px;width: 14.4307%;background-color: #a3d5f0\"><a href=\"https:\/\/tede.unicentro.br\/jspui\/bitstream\/jspui\/1482\/2\/Disserta%c3%a7%c3%a3o%20-%20IARA%20APARECIDA%20DEITOS%20DALL%20SANTO.pdf\"><img loading=\"lazy\" decoding=\"async\" class=\"aligncenter\" src=\"http:\/\/www2.unicentro.br\/ppge\/files\/2016\/06\/d-pdf-100x100.png\" alt=\"\" width=\"30\" height=\"30\" \/><\/a><\/td>\n<\/tr>\n<tr style=\"background-color: #c4c4c4\">\n<td style=\"text-align: center;height: 34px;width: 22.8861%;background-color: #ffffff\">JOSELE FOGA\u00c7A<\/td>\n<td style=\"text-align: center;height: 34px;width: 42.3901%;background-color: #ffffff\">A POL\u00cdTICA CURRICULAR DA BASE NACIONAL COMUM CURRICULAR (BNCC) PARA OS ANOS INICIAIS DO ENSINO FUNDAMENTAL E A SEMIFORMA\u00c7\u00c3O<\/td>\n<td style=\"text-align: center;height: 34px;width: 19.3912%;background-color: #ffffff\">Prof.\u00aa Dr.\u00aa Luciane Neuvald<\/td>\n<td style=\"text-align: center;height: 34px;width: 14.4307%;background-color: #ffffff\"><a href=\"https:\/\/tede.unicentro.br\/jspui\/bitstream\/jspui\/1488\/2\/DISSERTA%c3%87%c3%83O%20DA%20JOSELE.pdf\"><img loading=\"lazy\" decoding=\"async\" class=\"aligncenter\" src=\"http:\/\/www2.unicentro.br\/ppge\/files\/2016\/06\/d-pdf-100x100.png\" alt=\"\" width=\"30\" height=\"30\" \/><\/a><\/td>\n<\/tr>\n<tr style=\"height: 34px\">\n<td style=\"text-align: center;height: 34px;width: 22.8861%;background-color: #a3d5f0\">JOSELI APARECIDA VIEIRA GUIMAR\u00c3ES<\/td>\n<td style=\"text-align: center;height: 34px;width: 42.3901%;background-color: #a3d5f0\">A CONTRIBUI\u00c7\u00c3O VOLUNT\u00c1RIA NAS ESCOLAS MUNICIPAIS DE IRATI-PR.: ENTRE O COMPROMISSO DOS PAIS E A DESRESPONSABILIZA\u00c7\u00c3O DO PODER<br \/>\nP\u00daBLICO<\/td>\n<td style=\"text-align: center;height: 34px;width: 19.3912%;background-color: #a3d5f0\">Prof.\u00aa Dr.\u00aa Michelle Fernandes Lima<\/td>\n<td style=\"text-align: center;height: 34px;width: 14.4307%;background-color: #a3d5f0\"><a href=\"https:\/\/tede.unicentro.br\/jspui\/bitstream\/jspui\/1504\/2\/Dissertacao.Joseli.Aparecida.Vieira.Guimaraes1.pdf\"><img loading=\"lazy\" decoding=\"async\" class=\"aligncenter\" src=\"http:\/\/www2.unicentro.br\/ppge\/files\/2016\/06\/d-pdf-100x100.png\" alt=\"\" width=\"30\" height=\"30\" \/><\/a><\/td>\n<\/tr>\n<tr style=\"background-color: #c4c4c4\">\n<td style=\"text-align: center;height: 34px;width: 22.8861%;background-color: #ffffff\">KARINA ANDRADE<\/td>\n<td style=\"text-align: center;height: 34px;width: 42.3901%;background-color: #ffffff\">TDIC NO PROCESSO DE ALFABETIZA\u00c7\u00c3O \u2013 ESTUDO DE<br \/>\nCASO NA REDE P\u00daBLICA DE ENSINO DE GUARAPUAVA-PR<\/td>\n<td style=\"text-align: center;height: 34px;width: 19.3912%;background-color: #ffffff\">Prof.\u00aa Dr.\u00aa Poliana Fab\u00edula Cardozo<\/td>\n<td style=\"text-align: center;height: 34px;width: 14.4307%;background-color: #ffffff\"><a href=\"https:\/\/tede.unicentro.br\/jspui\/bitstream\/jspui\/1494\/2\/Disserta%c3%a7%c3%a3o%20Karina%20Andrade.pdf\"><img loading=\"lazy\" decoding=\"async\" class=\"aligncenter\" src=\"http:\/\/www2.unicentro.br\/ppge\/files\/2016\/06\/d-pdf-100x100.png\" alt=\"\" width=\"30\" height=\"30\" \/><\/a><\/td>\n<\/tr>\n<tr style=\"height: 34px\">\n<td style=\"text-align: center;height: 34px;width: 22.8861%;background-color: #a3d5f0\">LUANA PIRES PINHEIRO<\/td>\n<td style=\"text-align: center;height: 34px;width: 42.3901%;background-color: #a3d5f0\">A MEM\u00d3RIA MATERNAL NO PROCESSO DE FORMA\u00c7\u00c3O CULTURAL DO SUJEITO SEM TERRA: UM ESTUDO NO ACAMPAMENTO HERDEIROS DA<br \/>\nTERRA DE 1\u00ba DE MAIO<\/td>\n<td style=\"text-align: center;height: 34px;width: 19.3912%;background-color: #a3d5f0\">Prof.\u00aa Dr.\u00aa Poliana Fab\u00edula Cardozo<\/td>\n<td style=\"text-align: center;height: 34px;width: 14.4307%;background-color: #a3d5f0\"><a href=\"https:\/\/tede.unicentro.br\/jspui\/bitstream\/jspui\/1495\/2\/disserta%c3%a7%c3%a3o%20Luana%20Pires%20Pinheiro.pdf\"><img loading=\"lazy\" decoding=\"async\" class=\"aligncenter\" src=\"http:\/\/www2.unicentro.br\/ppge\/files\/2016\/06\/d-pdf-100x100.png\" alt=\"\" width=\"30\" height=\"30\" \/><\/a><\/td>\n<\/tr>\n<tr style=\"background-color: #c4c4c4\">\n<td style=\"text-align: center;height: 34px;width: 22.8861%;background-color: #ffffff\">LUCIANE CHIMEL<\/td>\n<td style=\"text-align: center;height: 34px;width: 42.3901%;background-color: #ffffff\">ASPECTOS TE\u00d3RICO-METODOL\u00d3GICOS DAS DISSERTA\u00c7\u00d5ES DA LINHA 1, POL\u00cdTICAS EDUCACIONAIS, HIST\u00d3RIA E ORGANIZA\u00c7\u00c3O DA EDUCA\u00c7\u00c3O, DO<br \/>\nPROGRAMA DE P\u00d3S-GRADUA\u00c7\u00c3O EM EDUCA\u00c7\u00c3O DA UNIVERSIDADE ESTADUAL DO CENTRO-OESTE (PPGE\/UNICENTRO-PR)<\/td>\n<td style=\"text-align: center;height: 34px;width: 19.3912%;background-color: #ffffff\">Prof.\u00aa Dr.\u00aa Michelle Fernandes Lima<\/td>\n<td style=\"text-align: center;height: 34px;width: 14.4307%;background-color: #ffffff\"><a href=\"https:\/\/tede.unicentro.br\/jspui\/bitstream\/jspui\/1496\/2\/Disserta%c3%a7%c3%a3o%20Luciane%20Chimel.pdf\"><img loading=\"lazy\" decoding=\"async\" class=\"aligncenter\" src=\"http:\/\/www2.unicentro.br\/ppge\/files\/2016\/06\/d-pdf-100x100.png\" alt=\"\" width=\"30\" height=\"30\" \/><\/a><\/td>\n<\/tr>\n<tr style=\"height: 34px\">\n<td style=\"text-align: center;height: 34px;width: 22.8861%;background-color: #a3d5f0\">LUIZ FERNANDO RIBAS<\/td>\n<td style=\"text-align: center;height: 34px;width: 42.3901%;background-color: #a3d5f0\">O ANDROCENTRISMO E A REDEFINI\u00c7\u00c3O DO REPERT\u00d3RIO DE ARTE PARA O ENSINO FUNDAMENTAL I: UMA PROPOSTA INCLUSIVA<\/td>\n<td style=\"text-align: center;height: 34px;width: 19.3912%;background-color: #a3d5f0\">Prof.\u00aa Dr.\u00aa Margarida Gandara Rauen<\/td>\n<td style=\"text-align: center;height: 34px;width: 14.4307%;background-color: #a3d5f0\"><a href=\"https:\/\/tede.unicentro.br\/jspui\/bitstream\/jspui\/1485\/2\/Disserta%c3%a7%c3%a3o%20-%20Luiz%20Fernando%20Ribas%20-.pdf\"><img loading=\"lazy\" decoding=\"async\" class=\"aligncenter\" src=\"http:\/\/www2.unicentro.br\/ppge\/files\/2016\/06\/d-pdf-100x100.png\" alt=\"\" width=\"30\" height=\"30\" \/><\/a><\/td>\n<\/tr>\n<tr style=\"background-color: #c4c4c4\">\n<td style=\"text-align: center;height: 34px;width: 22.8861%;background-color: #ffffff\">MARIELI ZVIEZYKOSKI<\/td>\n<td style=\"text-align: center;height: 34px;width: 42.3901%;background-color: #ffffff\">PR\u00c1TICAS PEDAG\u00d3GICAS EM UMA ESCOLA INCLUSIVA<\/td>\n<td style=\"text-align: center;height: 34px;width: 19.3912%;background-color: #ffffff\">Prof.\u00aa Dr.\u00aa Carla Luciane Blum Vestena<\/td>\n<td style=\"text-align: center;height: 34px;width: 14.4307%;background-color: #ffffff\"><a href=\"https:\/\/tede.unicentro.br\/jspui\/bitstream\/jspui\/1483\/2\/disserta%c3%a7%c3%a3o%20%20marieli%20zviezykoski.pdf\"><img loading=\"lazy\" decoding=\"async\" class=\"aligncenter\" src=\"http:\/\/www2.unicentro.br\/ppge\/files\/2016\/06\/d-pdf-100x100.png\" alt=\"\" width=\"30\" height=\"30\" \/><\/a><\/td>\n<\/tr>\n<tr style=\"height: 34px\">\n<td style=\"text-align: center;height: 34px;width: 22.8861%;background-color: #a3d5f0\">NILSON FERREIRA DE ALMEIDA<\/td>\n<td style=\"text-align: center;height: 34px;width: 42.3901%;background-color: #a3d5f0\">TRANSVERSALIDADES CORPORAIS E CONSTELA\u00c7\u00d5ES DE<br \/>\nAPRENDIZAGENS: PROCESSOS EDUCATIVOS NO TERREIRO REINO DE IEMANJ\u00c1.<\/td>\n<td style=\"text-align: center;height: 34px;width: 19.3912%;background-color: #a3d5f0\">Prof. Dr. Jefferson Olivatto da Silva<\/td>\n<td style=\"text-align: center;height: 34px;width: 14.4307%;background-color: #a3d5f0\"><a href=\"https:\/\/tede.unicentro.br\/jspui\/bitstream\/jspui\/1498\/2\/DISSERTACAO%20nilson.pdf\"><img loading=\"lazy\" decoding=\"async\" class=\"aligncenter\" src=\"http:\/\/www2.unicentro.br\/ppge\/files\/2016\/06\/d-pdf-100x100.png\" alt=\"\" width=\"30\" height=\"30\" \/><\/a><\/td>\n<\/tr>\n<tr style=\"background-color: #c4c4c4\">\n<td style=\"text-align: center;height: 34px;width: 22.8861%;background-color: #ffffff\">PALOMA DOMINGUES FERREIRA<\/td>\n<td style=\"text-align: center;height: 34px;width: 42.3901%;background-color: #ffffff\">FORMA\u00c7\u00c3O CONTINUADA DE PROFESSORES DA EDUCA\u00c7\u00c3O B\u00c1SICA NO BRASIL E NA ARGENTINA: UM ESTUDO COMPARADO DE POL\u00cdTICAS DE<br \/>\nFORMA\u00c7\u00c3O EM CONTEXTO EDUCACIONAL INCLUSIVO<\/td>\n<td style=\"text-align: center;height: 34px;width: 19.3912%;background-color: #ffffff\">Prof. Dr. Gilmar de Carvalho Cruz<\/td>\n<td style=\"text-align: center;height: 34px;width: 14.4307%;background-color: #ffffff\"><a href=\"https:\/\/tede.unicentro.br\/jspui\/bitstream\/jspui\/1486\/2\/Disserta%c3%a7%c3%a3o%20-%20Paloma.pdf\"><img loading=\"lazy\" decoding=\"async\" class=\"aligncenter\" src=\"http:\/\/www2.unicentro.br\/ppge\/files\/2016\/06\/d-pdf-100x100.png\" alt=\"\" width=\"30\" height=\"30\" \/><\/a><\/td>\n<\/tr>\n<tr style=\"height: 34px\">\n<td style=\"text-align: center;height: 34px;width: 22.8861%;background-color: #a3d5f0\">VANDERL\u00c9IA GURA<\/td>\n<td style=\"text-align: center;height: 34px;width: 42.3901%;background-color: #a3d5f0\">FORMA\u00c7\u00c3O INICIAL DE PROFESSORES COM \u00caNFASE NA<br \/>\nGEST\u00c3O DA EDUCA\u00c7\u00c3O: UMA AN\u00c1LISE NOS CURSOS DE<br \/>\nLICENCIATURA EM PEDAGOGIA DA UNIVERSIDADE<br \/>\nESTADUAL DO CENTRO-OESTE &#8211; CAMPI GUARAPUAVA E IRATI<\/td>\n<td style=\"text-align: center;height: 34px;width: 19.3912%;background-color: #a3d5f0\">Prof.\u00aa Dr.\u00aa Marisa Schneckenberg<\/td>\n<td style=\"text-align: center;height: 34px;width: 14.4307%;background-color: #a3d5f0\"><a href=\"https:\/\/tede.unicentro.br\/jspui\/bitstream\/jspui\/1487\/2\/DISSERTA%c3%87%c3%83O%20-%20VANDERL%c3%89IA.pdf\"><img loading=\"lazy\" decoding=\"async\" class=\"aligncenter\" src=\"http:\/\/www2.unicentro.br\/ppge\/files\/2016\/06\/d-pdf-100x100.png\" alt=\"\" width=\"30\" height=\"30\" \/><\/a><\/td>\n<\/tr>\n<tr style=\"background-color: #c4c4c4\">\n<td style=\"text-align: center;height: 34px;width: 22.8861%;background-color: #ffffff\">VILMA PEREIRA DA LUZ SANTOS<\/td>\n<td style=\"text-align: center;height: 34px;width: 42.3901%;background-color: #ffffff\">A ROTA\u00c7\u00c3O POR ESTA\u00c7\u00d5ES NA FORMA\u00c7\u00c3O<br \/>\nCONTINUADA DE PROFESSORES DA EDUCA\u00c7\u00c3O B\u00c1SICA: UMA PROPOSTA NA PERSPECTIVA DA EDUCA\u00c7\u00c3O H\u00cdBRIDA<\/td>\n<td style=\"text-align: center;height: 34px;width: 19.3912%;background-color: #ffffff\">Prof.\u00aa Dr.\u00aa Jamile Santinello<\/td>\n<td style=\"text-align: center;height: 34px;width: 14.4307%;background-color: #ffffff\"><a href=\"https:\/\/philos.sophia.com.br\/terminal\/9566\/acervo\/detalhe\/156061?guid=1771522096921&amp;returnUrl=%2fterminal%2f9566%2fresultado%2flistar%3fguid%3d1771522096921%26quantidadePaginas%3d1%26codigoRegistro%3d156061%23156061&amp;i=1\"><img loading=\"lazy\" decoding=\"async\" class=\"aligncenter\" src=\"http:\/\/www2.unicentro.br\/ppge\/files\/2016\/06\/d-pdf-100x100.png\" alt=\"\" width=\"30\" height=\"30\" \/><\/a><\/td>\n<\/tr>\n<\/tbody>\n<\/table>\n","protected":false},"excerpt":{"rendered":"<p>&nbsp; AUTOR(A) T\u00cdTULO ORIENTADOR(A) DISSERTA\u00c7\u00c3O ADRIANA CRISTINA M\u00dcLLER MULHERES MPA-PR LUTAS, FORMA\u00c7\u00c3O E CONSTRU\u00c7\u00c3O DE IDENTIDADES Prof. Dr. Alessandro de Melo ADONIAS NELSON DA LUZ A BASE NACIONAL COMUM CURRICULAR PARA O ENSINO M\u00c9DIO: O ENGODO DA FORMA\u00c7\u00c3O Prof.\u00aa Dr.\u00aa Luciane Neuvald ALINE CRISTIANE RIBEIRO FERREIRA DOS SANTOS CORPOREIDADE INFANTIL: QUANDO O CORPO-CRIAN\u00c7A \u00c9 TRANSFORMADO [&hellip;]<\/p>\n","protected":false},"author":2,"featured_media":0,"parent":0,"menu_order":0,"comment_status":"closed","ping_status":"closed","template":"","meta":{"_exactmetrics_skip_tracking":false,"_exactmetrics_sitenote_active":false,"_exactmetrics_sitenote_note":"","_exactmetrics_sitenote_category":0,"ngg_post_thumbnail":0,"footnotes":"","_links_to":"","_links_to_target":""},"class_list":["post-3768","page","type-page","status-publish","hentry"],"publishpress_future_action":{"enabled":false,"date":"2026-05-07 15:43:51","action":"change-status","newStatus":"draft","terms":[],"taxonomy":"","extraData":[]},"publishpress_future_workflow_manual_trigger":{"enabledWorkflows":[]},"_links":{"self":[{"href":"https:\/\/www2.unicentro.br\/ppge\/wp-json\/wp\/v2\/pages\/3768","targetHints":{"allow":["GET"]}}],"collection":[{"href":"https:\/\/www2.unicentro.br\/ppge\/wp-json\/wp\/v2\/pages"}],"about":[{"href":"https:\/\/www2.unicentro.br\/ppge\/wp-json\/wp\/v2\/types\/page"}],"author":[{"embeddable":true,"href":"https:\/\/www2.unicentro.br\/ppge\/wp-json\/wp\/v2\/users\/2"}],"replies":[{"embeddable":true,"href":"https:\/\/www2.unicentro.br\/ppge\/wp-json\/wp\/v2\/comments?post=3768"}],"version-history":[{"count":19,"href":"https:\/\/www2.unicentro.br\/ppge\/wp-json\/wp\/v2\/pages\/3768\/revisions"}],"predecessor-version":[{"id":9134,"href":"https:\/\/www2.unicentro.br\/ppge\/wp-json\/wp\/v2\/pages\/3768\/revisions\/9134"}],"wp:attachment":[{"href":"https:\/\/www2.unicentro.br\/ppge\/wp-json\/wp\/v2\/media?parent=3768"}],"curies":[{"name":"wp","href":"https:\/\/api.w.org\/{rel}","templated":true}]}}