{"id":2552,"date":"2017-02-06T08:54:48","date_gmt":"2017-02-06T10:54:48","guid":{"rendered":"http:\/\/www2.unicentro.br\/ppge\/?page_id=2552"},"modified":"2019-10-31T16:38:17","modified_gmt":"2019-10-31T19:38:17","slug":"dissertacoes-2017","status":"publish","type":"page","link":"https:\/\/www2.unicentro.br\/ppge\/dissertacoes-2017\/","title":{"rendered":"Disserta\u00e7\u00f5es 2017"},"content":{"rendered":"<p>&nbsp;<\/p>\n<table style=\"width: 100%\">\n<tbody>\n<tr style=\"background-color: #c4c4c4\">\n<td style=\"text-align: center\"><strong>AUTOR(A)<\/strong><\/td>\n<td style=\"text-align: center\"><strong>T\u00cdTULO<\/strong><\/td>\n<td style=\"text-align: center\"><strong>ORIENTADOR(A)<\/strong><\/td>\n<td style=\"text-align: center\"><strong>DISSERTA\u00c7\u00c3O<\/strong><\/td>\n<\/tr>\n<tr>\n<td style=\"text-align: center\">\n<h4 class=\"western\"><span style=\"font-family: Arial, sans-serif;font-size: 10pt\"><span style=\"color: #000000\">ALTAIR DOS PASSOS<\/span><\/span><\/h4>\n<\/td>\n<td style=\"text-align: center\"><span style=\"font-family: arial, helvetica, sans-serif;font-size: 10pt\">OS PRINC\u00cdPIOS DO COMUNITARISMO E SOLIDARISMO DO\u00a0<\/span><span style=\"font-family: arial, helvetica, sans-serif;font-size: 10pt\">ENSINAMENTO CRIST\u00c3O PRESENTES NA FUNDAMENTA\u00c7\u00c3O TE\u00d3RICA E<\/span><br \/>\n<span style=\"font-family: arial, helvetica, sans-serif;font-size: 10pt\">IMPLEMENTA\u00c7\u00c3O DO PROGRAMA DE INCLUS\u00c3O SOCIAL DA TRIAS<\/span><\/td>\n<td style=\"text-align: center\"><span style=\"font-family: arial, helvetica, sans-serif;font-size: 10pt\">Prof\u00aa. Dr\u00aa. Angela Maria Hidalgo<\/span><\/td>\n<td style=\"text-align: center\"><a href=\"http:\/\/tede.unicentro.br:8080\/jspui\/bitstream\/jspui\/1176\/2\/ALTAIR%20DOS%20PASSOS.pdf\" target=\"_blank\" rel=\"noopener\"><img loading=\"lazy\" decoding=\"async\" class=\"alignnone\" src=\"http:\/\/www2.unicentro.br\/ppge\/files\/2016\/06\/d-pdf-100x100.png\" alt=\"\" width=\"30\" height=\"30\" \/><\/a><\/td>\n<\/tr>\n<tr style=\"background-color: #c4c4c4\">\n<td style=\"text-align: center\">\n<h4 class=\"western\"><span style=\"font-family: Arial, sans-serif;font-size: 10pt\"><span style=\"color: #000000\">ANA CLAUDIA MAROCHI<\/span><\/span><\/h4>\n<\/td>\n<td style=\"text-align: center\"><span style=\"font-family: arial, helvetica, sans-serif;font-size: 10pt\">A ESCOLARIZA\u00c7\u00c3O E O TEMPO NA VIDA DAS\u00a0TRABALHADORAS\/ESTUDANTES DO CEEBJA DE IRATI-PR<\/span><\/td>\n<td style=\"text-align: center\"><span style=\"font-family: arial, helvetica, sans-serif;font-size: 10pt\">Prof. Dr. Alessandro de Melo<\/span><\/td>\n<td style=\"text-align: center\"><a href=\"http:\/\/tede.unicentro.br:8080\/jspui\/bitstream\/jspui\/865\/2\/ANA%20CLAUDIA%20MAROCHI.pdf\" target=\"_blank\" rel=\"noopener\"><img loading=\"lazy\" decoding=\"async\" class=\"alignnone\" src=\"http:\/\/www2.unicentro.br\/ppge\/files\/2016\/06\/d-pdf-100x100.png\" alt=\"\" width=\"30\" height=\"30\" \/><\/a><\/td>\n<\/tr>\n<tr>\n<td style=\"text-align: center\">\n<h4 class=\"western\"><span style=\"font-family: Arial, sans-serif;font-size: 10pt\"><span style=\"color: #000000\">ANA PAULA GONZATTO<\/span><\/span><\/h4>\n<\/td>\n<td style=\"text-align: center\"><span style=\"font-size: 10pt;font-family: arial, helvetica, sans-serif\">EDUCA\u00c7\u00c3O H\u00cdBRIDA: A BIMODALIDADE DO ENSINO DE GRADUA\u00c7\u00c3O EM UM CURSO DE LICENCIATURA PRESENCIAL<\/span><\/td>\n<td style=\"text-align: center\"><span style=\"font-family: arial, helvetica, sans-serif;font-size: 10pt\">Prof\u00aa. Dr\u00aa. Jamile Santinello<\/span><\/td>\n<td style=\"text-align: center\"><a href=\"http:\/\/tede.unicentro.br:8080\/jspui\/bitstream\/jspui\/1191\/2\/ANA%20PAULA%20GONZATTO.pdf\" target=\"_blank\" rel=\"noopener\"><img loading=\"lazy\" decoding=\"async\" class=\"alignnone\" src=\"http:\/\/www2.unicentro.br\/ppge\/files\/2016\/06\/d-pdf-100x100.png\" alt=\"\" width=\"30\" height=\"30\" \/><\/a><\/td>\n<\/tr>\n<tr style=\"background-color: #c4c4c4\">\n<td style=\"text-align: center\">\n<h4 class=\"western\"><span style=\"font-family: Arial, sans-serif;font-size: 10pt\"><span style=\"color: #000000\">ANGELA MORAIS DA SILVA<\/span><\/span><\/h4>\n<\/td>\n<td style=\"text-align: center\"><span style=\"font-family: arial, helvetica, sans-serif;font-size: 10pt\">A EDUCA\u00c7\u00c3O PARA A MORTE NO HOSPITAL COMO ESTRAT\u00c9GIA DE HUMANIZA\u00c7\u00c3O EM SA\u00daDE \u2013 O OLHAR DE PROFISSIONAIS DA UTI NEONATAL<\/span><\/td>\n<td style=\"text-align: center\"><span style=\"font-family: arial, helvetica, sans-serif;font-size: 10pt\">Prof. Dr. Rafael Siqueira Guimar\u00e3es<\/span><\/td>\n<td style=\"text-align: center\"><a href=\"http:\/\/tede.unicentro.br:8080\/jspui\/bitstream\/jspui\/866\/2\/ANGELA%20MORAIS%20DA%20SILVA.pdf\" target=\"_blank\" rel=\"noopener\"><img loading=\"lazy\" decoding=\"async\" class=\"alignnone\" src=\"http:\/\/www2.unicentro.br\/ppge\/files\/2016\/06\/d-pdf-100x100.png\" alt=\"\" width=\"30\" height=\"30\" \/><\/a><\/td>\n<\/tr>\n<tr>\n<td style=\"text-align: center\">\n<h4 class=\"western\"><span style=\"font-family: Arial, sans-serif;font-size: 10pt\"><span style=\"color: #000000\">ANTONIO MICHEL KULLER MEIRA<\/span><\/span><\/h4>\n<\/td>\n<td style=\"text-align: center\"><span style=\"font-family: arial, helvetica, sans-serif;font-size: 10pt\">A EDUCA\u00c7\u00c3O N\u00c3O FORMAL PRATICADA POR MOVIMENTOS SOCIAIS E SUAS IMPLICA\u00c7\u00d5ES PARA IDENTIDADE DA COMUNIDADE DE FAXINAL MARMELEIRO DE BAIXO<\/span><\/td>\n<td style=\"text-align: center\"><span style=\"font-family: arial, helvetica, sans-serif;font-size: 10pt\">Prof. Dr. Geyso Dongley Germinari<\/span><\/td>\n<td style=\"text-align: center\"><a href=\"http:\/\/tede.unicentro.br:8080\/jspui\/bitstream\/jspui\/859\/2\/ANTONIO%20MICHEL%20KULLER%20MEIRA.pdf\" target=\"_blank\" rel=\"noopener\"><img loading=\"lazy\" decoding=\"async\" class=\"alignnone\" src=\"http:\/\/www2.unicentro.br\/ppge\/files\/2016\/06\/d-pdf-100x100.png\" alt=\"\" width=\"30\" height=\"30\" \/><\/a><\/td>\n<\/tr>\n<tr style=\"background-color: #c4c4c4\">\n<td style=\"text-align: center\">\n<h4 class=\"western\"><span style=\"font-family: Arial, sans-serif;font-size: 10pt\"><span style=\"color: #000000\">CHRISTIANE CORDEIRO SILVESTRE DALLA VECCHIA<\/span><\/span><\/h4>\n<\/td>\n<td style=\"text-align: center\"><span style=\"font-family: arial, helvetica, sans-serif;font-size: 10pt\">A ESCOLARIZA\u00c7\u00c3O DE CRIAN\u00c7AS\u00a0<\/span><span style=\"font-family: arial, helvetica, sans-serif;font-size: 10pt\">AUTISTAS NA PERSPECTIVA DA EDUCA\u00c7\u00c3O INCLUSIVA: UM OLHAR DO\u00a0<\/span><span style=\"font-family: arial, helvetica, sans-serif;font-size: 10pt\">PROFESSOR<\/span><\/td>\n<td style=\"text-align: center\"><span style=\"font-family: arial, helvetica, sans-serif;font-size: 10pt\">Prof\u00aa. Dr\u00aa. Carla Luciane Blum Vestena<\/span><\/td>\n<td style=\"text-align: center\"><a href=\"http:\/\/tede.unicentro.br:8080\/jspui\/bitstream\/jspui\/1177\/2\/CHRISTIANE%20CORDEIRO%20SILVESTRE%20DALLA%20VECCHIA.pdf\" target=\"_blank\" rel=\"noopener\"><img loading=\"lazy\" decoding=\"async\" class=\"alignnone\" src=\"http:\/\/www2.unicentro.br\/ppge\/files\/2016\/06\/d-pdf-100x100.png\" alt=\"\" width=\"30\" height=\"30\" \/><\/a><\/td>\n<\/tr>\n<tr>\n<td style=\"text-align: center\">\n<h4 class=\"western\"><span style=\"font-family: Arial, sans-serif;font-size: 10pt\"><span style=\"color: #000000\">ELEM LUSTOSA<\/span><\/span><\/h4>\n<\/td>\n<td style=\"text-align: center\"><span style=\"font-family: arial, helvetica, sans-serif;font-size: 10pt\">O CONCEITO DE ESTADO EM GRAMSCI E AS SUAS\u00a0<\/span><span style=\"font-family: arial, helvetica, sans-serif;font-size: 10pt\">APROPRIA\u00c7\u00d5ES NAS PESQUISAS SOBRE POL\u00cdTICAS\u00a0<\/span><span style=\"font-family: arial, helvetica, sans-serif;font-size: 10pt\">EDUCACIONAIS<\/span><\/td>\n<td style=\"text-align: center\"><span style=\"font-family: arial, helvetica, sans-serif;font-size: 10pt\">Prof\u00aa. Dr\u00aa. Michelle Fernandes Lima<\/span><\/td>\n<td style=\"text-align: center\"><a href=\"http:\/\/tede.unicentro.br:8080\/jspui\/bitstream\/jspui\/860\/2\/ELEM%20LUSTOSA.pdf\" target=\"_blank\" rel=\"noopener\"><img loading=\"lazy\" decoding=\"async\" class=\"alignnone\" src=\"http:\/\/www2.unicentro.br\/ppge\/files\/2016\/06\/d-pdf-100x100.png\" alt=\"\" width=\"30\" height=\"30\" \/><\/a><\/td>\n<\/tr>\n<tr style=\"background-color: #c4c4c4\">\n<td style=\"text-align: center\">\n<h4 class=\"western\"><span style=\"font-family: Arial, sans-serif;font-size: 10pt\"><span style=\"color: #000000\">HELEN LEANDRA BARRETO<\/span><\/span><\/h4>\n<\/td>\n<td style=\"text-align: center\"><span style=\"font-family: arial, helvetica, sans-serif;font-size: 10pt\">EDUCA\u00c7\u00c3O AMBIENTAL NA ESCOLA DA COMUNIDADE KAINGANG DE MARRECAS \u2013 TURVO\/PR<\/span><\/td>\n<td style=\"text-align: center\"><span style=\"font-size: 10pt;font-family: arial, helvetica, sans-serif\">Prof\u00aa. Dr\u00aa. Carla Luciane Blum Vestena<\/span><\/td>\n<td style=\"text-align: center\"><a href=\"http:\/\/tede.unicentro.br:8080\/jspui\/bitstream\/jspui\/1179\/2\/HELEN%20LEANDRA%20BARRETO.pdf\" target=\"_blank\" rel=\"noopener\"><img loading=\"lazy\" decoding=\"async\" class=\"alignnone\" src=\"http:\/\/www2.unicentro.br\/ppge\/files\/2016\/06\/d-pdf-100x100.png\" alt=\"\" width=\"30\" height=\"30\" \/><\/a><\/td>\n<\/tr>\n<tr>\n<td style=\"text-align: center\">\n<h4 class=\"western\"><span style=\"font-family: Arial, sans-serif;font-size: 10pt\"><span style=\"color: #000000\">IOLETE RIBEIRO DOS SANTOS<\/span><\/span><\/h4>\n<\/td>\n<td style=\"text-align: center\"><span style=\"font-family: arial, helvetica, sans-serif;font-size: 10pt\">COMPREENDENDO A CRIAN\u00c7A COM ALTAS\u00a0<\/span><span style=\"font-family: arial, helvetica, sans-serif;font-size: 10pt\">HABILIDADES\/SUPERDOTA\u00c7\u00c3O PARA PODER ATUAR: EXPERI\u00caNCIAS DA\u00a0<\/span><span style=\"font-family: arial, helvetica, sans-serif;font-size: 10pt\">FORMA\u00c7\u00c3O CONTINUADA DE EDUCADORES INFANTIS EM GUARAPUAVA\/PR<\/span><\/td>\n<td style=\"text-align: center\"><span style=\"font-size: 10pt;font-family: arial, helvetica, sans-serif\">Prof\u00aa. Dr\u00aa. Carla Luciane Blum Vestena<\/span><\/td>\n<td style=\"text-align: center\"><a href=\"http:\/\/tede.unicentro.br:8080\/jspui\/bitstream\/jspui\/1224\/2\/IOLETE%20RIBEIRO%20DOS%20SANTOS.pdf\" target=\"_blank\" rel=\"noopener\"><img loading=\"lazy\" decoding=\"async\" class=\"alignnone\" src=\"http:\/\/www2.unicentro.br\/ppge\/files\/2016\/06\/d-pdf-100x100.png\" alt=\"\" width=\"30\" height=\"30\" \/><\/a><\/td>\n<\/tr>\n<tr style=\"background-color: #c4c4c4\">\n<td style=\"text-align: center\">\n<h4 class=\"western\"><span style=\"font-family: Arial, sans-serif;font-size: 10pt\"><span style=\"color: #000000\">JESSICA MUSTEFAGA DE TOLEDO<\/span><\/span><\/h4>\n<\/td>\n<td style=\"text-align: center\"><span style=\"font-family: arial, helvetica, sans-serif;font-size: 10pt\">DIVERSIDADE RELIGIOSA NO CONTEXTO ESCOLAR: UM ESTUDO DE CASO SOBRE AS PERCEP\u00c7\u00d5ES CULTURAIS DE JOVENS DO ENSINO M\u00c9DIO<\/span><\/td>\n<td style=\"text-align: center\"><span style=\"font-family: arial, helvetica, sans-serif;font-size: 10pt\">Prof. Dr. Geyso Dongley Germinari<\/span><\/td>\n<td style=\"text-align: center\"><a href=\"http:\/\/tede.unicentro.br:8080\/jspui\/bitstream\/jspui\/861\/2\/JESSICA%20MUSTEFAGA%20DE%20TOLEDO.pdf\" target=\"_blank\" rel=\"noopener\"><img loading=\"lazy\" decoding=\"async\" class=\"alignnone\" src=\"http:\/\/www2.unicentro.br\/ppge\/files\/2016\/06\/d-pdf-100x100.png\" alt=\"\" width=\"30\" height=\"30\" \/><\/a><\/td>\n<\/tr>\n<tr>\n<td style=\"text-align: center\">\n<h4 class=\"western\"><span style=\"font-family: Arial, sans-serif;font-size: 10pt\"><span style=\"color: #000000\">JULIANA DOMIT MALLAT<\/span><\/span><\/h4>\n<\/td>\n<td style=\"text-align: center\"><span style=\"font-family: arial, helvetica, sans-serif;font-size: 10pt\">O CAMPO DA DID\u00c1TICA E A FORMA\u00c7\u00c3O INICIAL DE PROFESSORES\u00a0<\/span><span style=\"font-family: arial, helvetica, sans-serif;font-size: 10pt\">POR \u00c1REA DO CONHECIMENTO: UM OLHAR SOBRE A LICENCIATURA EM\u00a0<\/span><span style=\"font-family: arial, helvetica, sans-serif;font-size: 10pt\">EDUCA\u00c7\u00c3O DO CAMPO NO ESTADO DO PARAN\u00c1<\/span><\/td>\n<td style=\"text-align: center\"><span style=\"font-family: arial, helvetica, sans-serif;font-size: 10pt\">Prof. Dr. Marcos Gehrke<\/span><\/td>\n<td style=\"text-align: center\"><a href=\"http:\/\/tede.unicentro.br:8080\/jspui\/handle\/jspui\/1180\" target=\"_blank\" rel=\"noopener\"><img loading=\"lazy\" decoding=\"async\" class=\"alignnone\" src=\"http:\/\/www2.unicentro.br\/ppge\/files\/2016\/06\/d-pdf-100x100.png\" alt=\"\" width=\"30\" height=\"30\" \/><\/a><\/td>\n<\/tr>\n<tr style=\"background-color: #c4c4c4\">\n<td style=\"text-align: center\">\n<h4 class=\"western\"><span style=\"font-family: Arial, sans-serif;font-size: 10pt\"><span style=\"color: #000000\">LUANA DOS SANTOS NUNES<\/span><\/span><\/h4>\n<\/td>\n<td style=\"text-align: center\"><span style=\"font-family: arial, helvetica, sans-serif;font-size: 10pt\">A EDUCA\u00c7\u00c3O PARA AS MULHERES COMO ESTRAT\u00c9GIA DE\u00a0<\/span><span style=\"font-family: arial, helvetica, sans-serif;font-size: 10pt\">DESENVOLVIMENTO ECON\u00d4MICO E SOCIAL: APONTAMENTOS SOBRE AS\u00a0<\/span><span style=\"font-family: arial, helvetica, sans-serif;font-size: 10pt\">CONCEP\u00c7\u00d5ES DA COMISS\u00c3O ECON\u00d4MICA PARA A AM\u00c9RICA LATINA E CARIBE \u2013\u00a0<\/span><span style=\"font-family: arial, helvetica, sans-serif;font-size: 10pt\">CEPAL<\/span><\/td>\n<td style=\"text-align: center\"><span style=\"font-size: 10pt;font-family: arial, helvetica, sans-serif\">Prof. Dr. Marcos Gehrke<\/span><\/td>\n<td style=\"text-align: center\"><a href=\"http:\/\/tede.unicentro.br:8080\/jspui\/bitstream\/jspui\/1181\/2\/LUANA%20DOS%20SANTOS%20NUNES.pdf\" target=\"_blank\" rel=\"noopener\"><img loading=\"lazy\" decoding=\"async\" class=\"alignnone\" src=\"http:\/\/www2.unicentro.br\/ppge\/files\/2016\/06\/d-pdf-100x100.png\" alt=\"\" width=\"30\" height=\"30\" \/><\/a><\/td>\n<\/tr>\n<tr>\n<td style=\"text-align: center\">\n<h4 class=\"western\"><span style=\"font-family: Arial, sans-serif;font-size: 10pt\"><span style=\"color: #000000\">MARCIA RICKLI<\/span><\/span><\/h4>\n<\/td>\n<td style=\"text-align: center\"><span style=\"font-family: arial, helvetica, sans-serif;font-size: 10pt\">O ENSINO DE M\u00daSICA EM GUARAPUAVA NO CONTEXTO DA LEI 11.769\/2008: UMA AN\u00c1LISE ADORNIANA<\/span><\/td>\n<td style=\"text-align: center\"><span style=\"font-family: arial, helvetica, sans-serif;font-size: 10pt\">Prof\u00aa. Dr\u00aa. Luciane Neuvald<\/span><\/td>\n<td style=\"text-align: center\"><a href=\"http:\/\/tede.unicentro.br:8080\/jspui\/bitstream\/jspui\/862\/2\/MARCIA%20RICKLI.pdf\" target=\"_blank\" rel=\"noopener\"><img loading=\"lazy\" decoding=\"async\" class=\"alignnone\" src=\"http:\/\/www2.unicentro.br\/ppge\/files\/2016\/06\/d-pdf-100x100.png\" alt=\"\" width=\"30\" height=\"30\" \/><\/a><\/td>\n<\/tr>\n<tr style=\"background-color: #c4c4c4\">\n<td style=\"text-align: center\">\n<h4 class=\"western\"><span style=\"font-family: Arial, sans-serif;font-size: 10pt\"><span style=\"color: #000000\">MARIANGELA DELIBERALLI<\/span><\/span><\/h4>\n<\/td>\n<td style=\"text-align: center\"><span style=\"font-family: arial, helvetica, sans-serif;font-size: 10pt\">O RACIOC\u00cdNIO L\u00d3GICO MATEM\u00c1TICO DE ALUNOS\u00a0<\/span><span style=\"font-family: arial, helvetica, sans-serif;font-size: 10pt\">SUPERDOTADOS EM RELA\u00c7\u00c3O AO USO DE APLICATIVOS DE DIFERENTES\u00a0<\/span><span style=\"font-family: arial, helvetica, sans-serif;font-size: 10pt\">COMPLEXIDADES<\/span><\/td>\n<td style=\"text-align: center\"><span style=\"font-family: arial, helvetica, sans-serif;font-size: 10pt\">Prof\u00aa. Dr\u00aa. Carla Luciane Blum Vestena<\/span><\/td>\n<td style=\"text-align: center\"><a href=\"http:\/\/tede.unicentro.br:8080\/jspui\/bitstream\/jspui\/1182\/2\/MARIANGELA%20DELIBERALLI.pdf\" target=\"_blank\" rel=\"noopener\"><img loading=\"lazy\" decoding=\"async\" class=\"alignnone\" src=\"http:\/\/www2.unicentro.br\/ppge\/files\/2016\/06\/d-pdf-100x100.png\" alt=\"\" width=\"30\" height=\"30\" \/><\/a><\/td>\n<\/tr>\n<tr>\n<td style=\"text-align: center\">\n<h4 class=\"western\"><span style=\"font-family: Arial, sans-serif;font-size: 10pt\"><span style=\"color: #000000\">MARILENE APARECIDA SOARES UCHAK RAIMONDO<\/span><\/span><\/h4>\n<\/td>\n<td style=\"text-align: center\"><span style=\"font-family: arial, helvetica, sans-serif;font-size: 10pt\">UM ESTUDO SOBRE AS IMPLICA\u00c7\u00d5ES\u00a0<\/span><span style=\"font-family: arial, helvetica, sans-serif;font-size: 10pt\">DO PROCESSO DE RESIST\u00caNCIA DA CULTURA AFRO-BRASILEIRA NO ESPA\u00c7O\u00a0<\/span><span style=\"font-family: arial, helvetica, sans-serif;font-size: 10pt\">ESCOLAR NO MUNIC\u00cdPIO DE RESERVA DO IGUA\u00c7U<\/span><\/td>\n<td style=\"text-align: center\"><span style=\"font-family: arial, helvetica, sans-serif;font-size: 10pt\">Prof. Dr. Jefferson Olivatto da Silva<\/span><\/td>\n<td style=\"text-align: center\"><a href=\"http:\/\/tede.unicentro.br:8080\/jspui\/bitstream\/jspui\/1230\/2\/MARILENE%20APARECIDA%20SOARES%20UCHAK%20RAIMONDO.pdf\" target=\"_blank\" rel=\"noopener\"><img loading=\"lazy\" decoding=\"async\" class=\"alignnone\" src=\"http:\/\/www2.unicentro.br\/ppge\/files\/2016\/06\/d-pdf-100x100.png\" alt=\"\" width=\"30\" height=\"30\" \/><\/a><\/td>\n<\/tr>\n<tr style=\"background-color: #c4c4c4\">\n<td style=\"text-align: center\">\n<h4 class=\"western\"><span style=\"font-family: Arial, sans-serif;font-size: 10pt\"><span style=\"color: #000000\">MARLEI CORREIA<\/span><\/span><\/h4>\n<\/td>\n<td style=\"text-align: center\"><span style=\"font-family: arial, helvetica, sans-serif;font-size: 10pt\">A CATEQUESE ANTROPOL\u00d3GICA NOS MATERIAIS DID\u00c1TICOS DA EDUCA\u00c7\u00c3O\u00a0<\/span><span style=\"font-family: arial, helvetica, sans-serif;font-size: 10pt\">CATEQU\u00c9TICA DA DIOCESE DE GUARAPUAVA<\/span><\/td>\n<td style=\"text-align: center\"><span style=\"font-family: arial, helvetica, sans-serif;font-size: 10pt\">Prof\u00aa. Dr\u00aa. Luciane Neuvald<\/span><\/td>\n<td style=\"text-align: center\"><a href=\"http:\/\/tede.unicentro.br:8080\/jspui\/bitstream\/jspui\/1183\/2\/MARLEI%20CORREIA.pdf\" target=\"_blank\" rel=\"noopener\"><img loading=\"lazy\" decoding=\"async\" class=\"alignnone\" src=\"http:\/\/www2.unicentro.br\/ppge\/files\/2016\/06\/d-pdf-100x100.png\" alt=\"\" width=\"30\" height=\"30\" \/><\/a><\/td>\n<\/tr>\n<tr>\n<td style=\"text-align: center\">\n<h4 class=\"western\"><span style=\"font-family: Arial, sans-serif;font-size: 10pt\"><span style=\"color: #000000\">SERGIO LUIZ KUTZMY<\/span><\/span><\/h4>\n<\/td>\n<td style=\"text-align: center\"><span style=\"font-family: arial, helvetica, sans-serif;font-size: 10pt\">CULTURA H\u00cdBRIDA E ENSINO: VOZES DE ALUNOS E PROFESSORES ACERCA DA CONSTITUI\u00c7\u00c3O DA IDENTIDADE MULTICULTURAL\/MULTILINGU\u00cdSTICA DE DESCENDENTES DE UCRANIANOS EM PRUDENT\u00d3POLIS \u2013 PR<\/span><\/td>\n<td style=\"text-align: center\"><span style=\"font-family: arial, helvetica, sans-serif;font-size: 10pt\">Prof\u00aa. Dr\u00aa. Cibele Krause Lemke<\/span><\/td>\n<td style=\"text-align: center\"><a href=\"http:\/\/tede.unicentro.br:8080\/jspui\/bitstream\/jspui\/863\/2\/SERGIO%20LUIZ%20KUTZMY.pdf\" target=\"_blank\" rel=\"noopener\"><img loading=\"lazy\" decoding=\"async\" class=\"alignnone\" src=\"http:\/\/www2.unicentro.br\/ppge\/files\/2016\/06\/d-pdf-100x100.png\" alt=\"\" width=\"30\" height=\"30\" \/><\/a><\/td>\n<\/tr>\n<tr style=\"background-color: #c4c4c4\">\n<td style=\"text-align: center\">\n<h4 class=\"western\"><span style=\"font-family: Arial, sans-serif;font-size: 10pt\"><span style=\"color: #000000\">VALDONI RIBEIRO BATISTA<\/span><\/span><\/h4>\n<\/td>\n<td style=\"text-align: center\"><span style=\"font-family: arial, helvetica, sans-serif;font-size: 10pt\">A DESNATURALIZA\u00c7\u00c3O DO ANDROCENTRISMO POR MEIO DE UMA PR\u00c1TICA DE PESQUISA-A\u00c7\u00c3O NO EST\u00c1GIO DE LICENCIATURA EM ARTE EDUCA\u00c7\u00c3O DA UNICENTRO<\/span><\/td>\n<td style=\"text-align: center\"><span style=\"font-size: 10pt;font-family: arial, helvetica, sans-serif\">Prof\u00aa. Dr\u00aa. Margarida Gandara Rauen<\/span><\/td>\n<td style=\"text-align: center\"><a href=\"http:\/\/tede.unicentro.br:8080\/jspui\/bitstream\/jspui\/864\/2\/VALDONI%20RIBEIRO%20BATISTA.pdf\" target=\"_blank\" rel=\"noopener\"><img loading=\"lazy\" decoding=\"async\" class=\"alignnone\" src=\"http:\/\/www2.unicentro.br\/ppge\/files\/2016\/06\/d-pdf-100x100.png\" alt=\"\" width=\"30\" height=\"30\" \/><\/a><\/td>\n<\/tr>\n<tr>\n<td style=\"text-align: center\">\n<h4 class=\"western\"><span style=\"font-family: Arial, sans-serif;font-size: 10pt\"><span style=\"color: #000000\">WESLLEY KOZLIK SILVA<\/span><\/span><\/h4>\n<\/td>\n<td style=\"text-align: center\"><span style=\"font-family: arial, helvetica, sans-serif;font-size: 10pt\">O USO PEDAG\u00d3GICO DO PODCAST E A FORMA\u00c7\u00c3O INICIAL DO\u00a0<\/span><span style=\"font-family: arial, helvetica, sans-serif;font-size: 10pt\">PROFESSOR: MUDAN\u00c7AS DE PARADIGMA EDUCACIONAL<\/span><\/td>\n<td style=\"text-align: center\"><span style=\"font-family: arial, helvetica, sans-serif;font-size: 10pt\">Prof\u00aa. Dr\u00aa. Jamile Santinello<\/span><\/td>\n<td style=\"text-align: center\"><a href=\"http:\/\/tede.unicentro.br:8080\/jspui\/bitstream\/jspui\/1233\/2\/WESLLEY%20KOZLIK%20SILVA.pdf\" target=\"_blank\" rel=\"noopener\"><img loading=\"lazy\" decoding=\"async\" class=\"alignnone\" src=\"http:\/\/www2.unicentro.br\/ppge\/files\/2016\/06\/d-pdf-100x100.png\" alt=\"\" width=\"30\" height=\"30\" \/><\/a><\/td>\n<\/tr>\n<\/tbody>\n<\/table>\n","protected":false},"excerpt":{"rendered":"<p>&nbsp; AUTOR(A) T\u00cdTULO ORIENTADOR(A) DISSERTA\u00c7\u00c3O ALTAIR DOS PASSOS OS PRINC\u00cdPIOS DO COMUNITARISMO E SOLIDARISMO DO\u00a0ENSINAMENTO CRIST\u00c3O PRESENTES NA FUNDAMENTA\u00c7\u00c3O TE\u00d3RICA E IMPLEMENTA\u00c7\u00c3O DO PROGRAMA DE INCLUS\u00c3O SOCIAL DA TRIAS Prof\u00aa. Dr\u00aa. Angela Maria Hidalgo ANA CLAUDIA MAROCHI A ESCOLARIZA\u00c7\u00c3O E O TEMPO NA VIDA DAS\u00a0TRABALHADORAS\/ESTUDANTES DO CEEBJA DE IRATI-PR Prof. Dr. Alessandro de Melo ANA [&hellip;]<\/p>\n","protected":false},"author":2,"featured_media":0,"parent":0,"menu_order":0,"comment_status":"closed","ping_status":"closed","template":"","meta":{"_exactmetrics_skip_tracking":false,"_exactmetrics_sitenote_active":false,"_exactmetrics_sitenote_note":"","_exactmetrics_sitenote_category":0,"ngg_post_thumbnail":0,"footnotes":"","_links_to":"","_links_to_target":""},"class_list":["post-2552","page","type-page","status-publish","hentry"],"publishpress_future_action":{"enabled":false,"date":"2026-05-03 11:04:42","action":"change-status","newStatus":"draft","terms":[],"taxonomy":"","extraData":[]},"publishpress_future_workflow_manual_trigger":{"enabledWorkflows":[]},"_links":{"self":[{"href":"https:\/\/www2.unicentro.br\/ppge\/wp-json\/wp\/v2\/pages\/2552","targetHints":{"allow":["GET"]}}],"collection":[{"href":"https:\/\/www2.unicentro.br\/ppge\/wp-json\/wp\/v2\/pages"}],"about":[{"href":"https:\/\/www2.unicentro.br\/ppge\/wp-json\/wp\/v2\/types\/page"}],"author":[{"embeddable":true,"href":"https:\/\/www2.unicentro.br\/ppge\/wp-json\/wp\/v2\/users\/2"}],"replies":[{"embeddable":true,"href":"https:\/\/www2.unicentro.br\/ppge\/wp-json\/wp\/v2\/comments?post=2552"}],"version-history":[{"count":34,"href":"https:\/\/www2.unicentro.br\/ppge\/wp-json\/wp\/v2\/pages\/2552\/revisions"}],"predecessor-version":[{"id":3656,"href":"https:\/\/www2.unicentro.br\/ppge\/wp-json\/wp\/v2\/pages\/2552\/revisions\/3656"}],"wp:attachment":[{"href":"https:\/\/www2.unicentro.br\/ppge\/wp-json\/wp\/v2\/media?parent=2552"}],"curies":[{"name":"wp","href":"https:\/\/api.w.org\/{rel}","templated":true}]}}