{"id":17,"date":"2013-11-29T14:12:33","date_gmt":"2013-11-29T14:12:33","guid":{"rendered":"http:\/\/www2.unicentro.br\/ppge\/?page_id=17"},"modified":"2025-09-17T08:46:37","modified_gmt":"2025-09-17T11:46:37","slug":"disciplinas-mestrado-em-educacao","status":"publish","type":"page","link":"https:\/\/www2.unicentro.br\/ppge\/disciplinas-mestrado-em-educacao\/","title":{"rendered":"Disciplinas Mestrado em Educa\u00e7\u00e3o"},"content":{"rendered":"<table style=\"width: 65.8101%;height: 338px\" cellspacing=\"0\" cellpadding=\"0\">\n<tbody>\n<tr style=\"height: 57px\">\n<td style=\"width: 693px;height: 57px\" colspan=\"3\" bgcolor=\"#800000\" width=\"695\" height=\"30\">\n<p align=\"CENTER\"><strong><span style=\"color: #ffffff\"><span style=\"font-family: Verdana, sans-serif\">DISCIPLINAS OBRIGAT\u00d3RIAS<\/span><\/span><\/strong><\/p>\n<\/td>\n<\/tr>\n<tr style=\"height: 57px\">\n<td style=\"width: 478px;height: 57px\" bgcolor=\"#800000\" width=\"434\">\n<p align=\"CENTER\"><strong><span style=\"color: #ffffff\"><span style=\"font-family: Verdana, sans-serif\">Disciplina<\/span><\/span><\/strong><\/p>\n<\/td>\n<td style=\"width: 88px;height: 57px\" bgcolor=\"#800000\" width=\"78\">\n<p align=\"CENTER\"><strong><span style=\"color: #ffffff\"><span style=\"font-family: Verdana, sans-serif\">Cr\u00e9ditos<\/span><\/span><\/strong><\/p>\n<\/td>\n<td style=\"width: 127px;height: 57px\" bgcolor=\"#800000\" width=\"113\">\n<p align=\"CENTER\"><strong><span style=\"color: #ffffff\"><span style=\"font-family: Verdana, sans-serif\">Carga Hor\u00e1ria<\/span><\/span><\/strong><\/p>\n<\/td>\n<\/tr>\n<tr style=\"height: 56px\">\n<td style=\"width: 478px;height: 56px\" width=\"434\">\n<p align=\"JUSTIFY\"><span style=\"color: #800000;font-family: georgia, palatino, serif\"><a style=\"color: #800000\" href=\"http:\/\/www2.unicentro.br\/ppge\/files\/2013\/11\/cultura_e_diveridade_e_processos_educativos.pdf\">Cultura, Diversidade e Processos Educativos<\/a><\/span><\/p>\n<\/td>\n<td style=\"width: 88px;height: 56px\" width=\"78\">\n<p align=\"CENTER\"><span style=\"color: #800000;font-family: georgia, palatino, serif\">4<\/span><\/p>\n<\/td>\n<td style=\"width: 127px;height: 56px\" width=\"113\">\n<p align=\"CENTER\"><span style=\"color: #800000;font-family: georgia, palatino, serif\">60 h\/a<\/span><\/p>\n<\/td>\n<\/tr>\n<tr style=\"height: 56px\">\n<td style=\"width: 478px;height: 56px\" width=\"434\">\n<p align=\"JUSTIFY\"><span style=\"color: #800000;font-family: georgia, palatino, serif\"><a style=\"color: #800000\" href=\"http:\/\/www2.unicentro.br\/ppge\/files\/2013\/11\/ESTADO_E_POL_TICAS_EDUCACIONAIS_512a406cd5628.pdf\">Estado e Pol\u00edticas Educacionais<\/a><\/span><\/p>\n<\/td>\n<td style=\"width: 88px;height: 56px\" width=\"78\">\n<p align=\"CENTER\"><span style=\"color: #800000;font-family: georgia, palatino, serif\">4<\/span><\/p>\n<\/td>\n<td style=\"width: 127px;height: 56px\" width=\"113\">\n<p align=\"CENTER\"><span style=\"color: #800000;font-family: georgia, palatino, serif\">60 h\/a<\/span><\/p>\n<\/td>\n<\/tr>\n<tr style=\"height: 56px\">\n<td style=\"width: 478px;height: 56px\" width=\"434\">\n<p align=\"JUSTIFY\"><span style=\"color: #800000;font-family: georgia, palatino, serif\"><a style=\"color: #800000\" href=\"http:\/\/www2.unicentro.br\/ppge\/files\/2013\/11\/FUNDAMENTOS_E_M_TODOS_DA_PESQUISA_EM_EDUCA_O_512a407debef2.pdf\">Fundamentos e M\u00e9todos da Pesquisa em Educa\u00e7\u00e3o<\/a><\/span><\/p>\n<\/td>\n<td style=\"width: 88px;height: 56px\" width=\"78\">\n<p align=\"CENTER\"><span style=\"color: #800000;font-family: georgia, palatino, serif\">4<\/span><\/p>\n<\/td>\n<td style=\"width: 127px;height: 56px\" width=\"113\">\n<p align=\"CENTER\"><span style=\"color: #800000;font-family: georgia, palatino, serif\">60 h\/a<\/span><\/p>\n<\/td>\n<\/tr>\n<tr style=\"height: 56px\">\n<td style=\"width: 478px;height: 56px\" width=\"434\">\n<p align=\"JUSTIFY\"><span style=\"color: #800000;font-family: georgia, palatino, serif\"><a style=\"color: #800000\" href=\"http:\/\/www2.unicentro.br\/ppge\/files\/2013\/11\/seminarios_de_pesquisa_em_educacao.pdf\">Semin\u00e1rios de Pesquisa em Educa\u00e7\u00e3o<\/a><\/span><\/p>\n<\/td>\n<td style=\"width: 88px;height: 56px\" width=\"78\">\n<p align=\"CENTER\"><span style=\"color: #800000;font-family: georgia, palatino, serif\">4<\/span><\/p>\n<\/td>\n<td style=\"width: 127px;height: 56px\" width=\"113\">\n<p align=\"CENTER\"><span style=\"color: #800000;font-family: georgia, palatino, serif\">60 h\/a<\/span><\/p>\n<\/td>\n<\/tr>\n<\/tbody>\n<\/table>\n<table style=\"width: 66.2786%;height: 2832px\" cellspacing=\"0\" cellpadding=\"0\">\n<tbody>\n<tr style=\"height: 57px\">\n<td style=\"width: 88.6974%;height: 57px\" colspan=\"3\" bgcolor=\"#800000\" width=\"696\" height=\"30\">\n<p align=\"CENTER\"><strong><span style=\"color: #ffffff\"><span style=\"font-family: Verdana, sans-serif\">DISCIPLINAS ELETIVAS<\/span><\/span><\/strong><\/p>\n<\/td>\n<\/tr>\n<tr style=\"height: 82px\">\n<td style=\"width: 88.6974%;height: 82px\" colspan=\"3\" bgcolor=\"#800000\" width=\"696\" height=\"30\">\n<p align=\"CENTER\"><strong><span style=\"color: #ffffff\"><span style=\"font-family: Verdana, sans-serif\">Linha de Pesquisa: <\/span><\/span><\/strong><strong><span style=\"color: #ffffff\"><span style=\"font-family: Verdana, sans-serif\"><b>Pol\u00edticas Educacionais, Hist\u00f3ria e Organiza\u00e7\u00e3o da Educa\u00e7\u00e3o<\/b><\/span><\/span><\/strong><\/p>\n<\/td>\n<\/tr>\n<tr style=\"height: 82px\">\n<td style=\"width: 60.9435%;height: 82px\" bgcolor=\"#800000\" width=\"435\">\n<p align=\"CENTER\"><strong><span style=\"color: #ffffff\"><span style=\"font-family: Verdana, sans-serif\">Disciplina<\/span><\/span><\/strong><\/p>\n<\/td>\n<td style=\"width: 11.1588%;height: 82px\" bgcolor=\"#800000\" width=\"76\">\n<p align=\"CENTER\"><strong><span style=\"color: #ffffff\"><span style=\"font-family: Verdana, sans-serif\">Cr\u00e9ditos<\/span><\/span><\/strong><\/p>\n<\/td>\n<td style=\"width: 16.5951%;height: 82px\" bgcolor=\"#800000\" width=\"115\">\n<p align=\"CENTER\"><strong><span style=\"color: #ffffff\"><span style=\"font-family: Verdana, sans-serif\">Carga Hor\u00e1ria<\/span><\/span><\/strong><\/p>\n<\/td>\n<\/tr>\n<tr style=\"height: 56px\">\n<td style=\"width: 60.9435%;height: 56px\" width=\"435\">\n<p align=\"JUSTIFY\"><span style=\"font-family: georgia, palatino, serif;color: #800000\"><a style=\"color: #800000\" href=\"http:\/\/www2.unicentro.br\/ppge\/files\/2013\/11\/AS_POL_TICAS_PARA_A_EDUCA_O_DO_CAMPO_NO_BRASIL_512a3fe53aba3.pdf\">As Pol\u00edticas para a Educa\u00e7\u00e3o do Campo no Brasil<\/a><\/span><\/p>\n<\/td>\n<td style=\"width: 11.1588%;height: 56px\" width=\"76\">\n<p align=\"CENTER\"><span style=\"color: #800000;font-family: georgia, palatino, serif\">4<\/span><\/p>\n<\/td>\n<td style=\"width: 16.5951%;height: 56px\" width=\"115\">\n<p align=\"CENTER\"><span style=\"color: #800000;font-family: georgia, palatino, serif\">60 h\/a<\/span><\/p>\n<\/td>\n<\/tr>\n<tr style=\"height: 56px\">\n<td style=\"width: 60.9435%;height: 56px\"><span style=\"font-family: georgia, palatino, serif;color: #800000\"><a style=\"color: #800000\" href=\"https:\/\/www2.unicentro.br\/ppge\/files\/2022\/04\/DisciplinaMED-154-e-DED-123-Corpo-e-Educacao.pdf\">Corpo e Educa\u00e7\u00e3o<\/a><\/span><\/td>\n<td style=\"width: 11.1588%;height: 56px\">\n<p align=\"CENTER\"><span style=\"color: #800000;font-family: georgia, palatino, serif\">4<\/span><\/p>\n<\/td>\n<td style=\"width: 16.5951%;height: 56px\">\n<p align=\"CENTER\"><span style=\"color: #800000;font-family: georgia, palatino, serif\">60h\/a<\/span><\/p>\n<\/td>\n<\/tr>\n<tr style=\"height: 56px\">\n<td style=\"width: 60.9435%;height: 56px\"><span style=\"font-family: georgia, palatino, serif;color: #800000\"><a style=\"color: #800000\" href=\"https:\/\/www2.unicentro.br\/ppge\/files\/2025\/09\/EDUCACAO-DO-CAMPO-E-EDUCACAO-INDIGENA.pdf\">Educa\u00e7\u00e3o do Campo e Educa\u00e7\u00e3o Ind\u00edgena: Pol\u00edticas Educacionais e o Trabalho Pedag\u00f3gico no Contexto Escolar<\/a><\/span><\/td>\n<td style=\"width: 11.1588%;height: 56px\">\n<p align=\"CENTER\"><span style=\"color: #800000;font-family: georgia, palatino, serif\">4<\/span><\/p>\n<\/td>\n<td style=\"width: 16.5951%;height: 56px\">\n<p align=\"CENTER\"><span style=\"font-family: georgia, palatino, serif;color: #800000\">60h\/a\u00a0<\/span><\/p>\n<\/td>\n<\/tr>\n<tr style=\"height: 56px\">\n<td style=\"width: 60.9435%;height: 56px\" width=\"435\">\n<p align=\"JUSTIFY\"><span style=\"font-family: georgia, palatino, serif;color: #800000\"><a style=\"color: #800000\" href=\"https:\/\/www2.unicentro.br\/ppge\/files\/2022\/04\/Ementa-Disciplina-Educacao-e-Trabalho.pdf\">Educa\u00e7\u00e3o e Trabalho<\/a><\/span><\/p>\n<\/td>\n<td style=\"width: 11.1588%;height: 56px\" width=\"76\">\n<p align=\"CENTER\"><span style=\"color: #800000;font-family: georgia, palatino, serif\">4<\/span><\/p>\n<\/td>\n<td style=\"width: 16.5951%;height: 56px\" width=\"115\">\n<p align=\"CENTER\"><span style=\"color: #800000;font-family: georgia, palatino, serif\">60 h\/a<\/span><\/p>\n<\/td>\n<\/tr>\n<tr style=\"height: 56px\">\n<td style=\"width: 60.9435%;height: 56px\">\n<p align=\"JUSTIFY\"><span style=\"font-family: georgia, palatino, serif;color: #800000\"><a style=\"color: #800000\" href=\"http:\/\/www2.unicentro.br\/ppge\/files\/2013\/11\/ESTADO_BRASILEIRO_COMO_ESTADO_MODERNO_512a4055c495c.pdf\">Estado Brasileiro como Estado Moderno<\/a><\/span><\/p>\n<\/td>\n<td style=\"width: 11.1588%;height: 56px\" width=\"76\">\n<p align=\"CENTER\"><span style=\"color: #800000;font-family: georgia, palatino, serif\">4<\/span><\/p>\n<\/td>\n<td style=\"width: 16.5951%;height: 56px\" width=\"115\">\n<p align=\"CENTER\"><span style=\"color: #800000;font-family: georgia, palatino, serif\">60 h\/a<\/span><\/p>\n<\/td>\n<\/tr>\n<tr style=\"height: 56px\">\n<td style=\"width: 60.9435%;height: 56px\"><span style=\"font-family: georgia, palatino, serif;color: #800000\"><a style=\"color: #800000\" href=\"https:\/\/www2.unicentro.br\/ppge\/files\/2023\/07\/ementa-IDENTITARISMO-E-MARXISMO.pdf\">Identitarismo e Marxismo: perspectivas epistemol\u00f3gicas fundamentais<\/a><\/span><\/td>\n<td style=\"width: 11.1588%;height: 56px\">\n<p align=\"CENTER\"><span style=\"color: #800000;font-family: georgia, palatino, serif\">4<\/span><\/p>\n<\/td>\n<td style=\"width: 16.5951%;height: 56px\">\n<p align=\"CENTER\"><span style=\"color: #800000;font-family: georgia, palatino, serif\">60 h\/a<\/span><\/p>\n<\/td>\n<\/tr>\n<tr style=\"height: 50px\">\n<td style=\"width: 60.9435%;height: 50px\"><span style=\"font-family: georgia, palatino, serif;color: #800000\"><a style=\"color: #800000\" href=\"https:\/\/www2.unicentro.br\/ppge\/files\/2025\/09\/Investimentos-Publicos-em-Educacao-Prof.-Flavio.pdf\">Investimentos P\u00fablicos em Educa\u00e7\u00e3o<\/a><\/span><\/td>\n<td style=\"width: 11.1588%;height: 50px\">\n<p align=\"CENTER\"><span style=\"color: #800000;font-family: georgia, palatino, serif\">4<\/span><\/p>\n<\/td>\n<td style=\"width: 16.5951%;height: 50px\">\n<p align=\"CENTER\"><span style=\"color: #800000;font-family: georgia, palatino, serif\">60 h\/a<\/span><\/p>\n<\/td>\n<\/tr>\n<tr style=\"height: 78px\">\n<td style=\"width: 60.9435%;height: 78px\"><span style=\"font-family: georgia, palatino, serif;color: #800000\"><a style=\"color: #800000\" href=\"https:\/\/www2.unicentro.br\/ppge\/files\/2025\/03\/MED-163-MULHERES-EDUCACAO-E-TRABALHO.pdf\">Mulheres, Educa\u00e7\u00e3o e Trabalho: uma intersec\u00e7\u00e3o entre g\u00eanero, ra\u00e7a e classe social<\/a><\/span><\/td>\n<td style=\"width: 11.1588%;height: 78px\">\n<p align=\"CENTER\"><span style=\"color: #800000;font-family: georgia, palatino, serif\">4<\/span><\/p>\n<\/td>\n<td style=\"width: 16.5951%;height: 78px\">\n<p align=\"CENTER\"><span style=\"color: #800000;font-family: georgia, palatino, serif\">60 h\/a<\/span><\/p>\n<\/td>\n<\/tr>\n<tr style=\"height: 56px\">\n<td style=\"width: 60.9435%;height: 56px\"><span style=\"font-family: georgia, palatino, serif;color: #800000\">Perspectivas Cr\u00edticas da Educa\u00e7\u00e3o<\/span><\/td>\n<td style=\"width: 11.1588%;height: 56px\">\n<p align=\"CENTER\"><span style=\"color: #800000;font-family: georgia, palatino, serif\">2<\/span><\/p>\n<\/td>\n<td style=\"width: 16.5951%;height: 56px\">\n<p align=\"CENTER\"><span style=\"color: #800000;font-family: georgia, palatino, serif\">30 h\/a<\/span><\/p>\n<\/td>\n<\/tr>\n<tr style=\"height: 80px\">\n<td style=\"width: 60.9435%;height: 80px\"><span style=\"font-family: georgia, palatino, serif;color: #800000\"><a style=\"color: #800000\" href=\"https:\/\/www2.unicentro.br\/ppge\/files\/2022\/04\/MED-139.pdf\">Pesquisa em Pol\u00edticas Educacionais<\/a><\/span><\/td>\n<td style=\"width: 11.1588%;height: 80px\">\n<p align=\"CENTER\"><span style=\"color: #800000;font-family: georgia, palatino, serif\">4<\/span><\/p>\n<\/td>\n<td style=\"width: 16.5951%;height: 80px\">\n<p align=\"CENTER\"><span style=\"color: #800000;font-family: georgia, palatino, serif\">60 h\/a<\/span><\/p>\n<\/td>\n<\/tr>\n<tr style=\"height: 80px\">\n<td style=\"width: 60.9435%\"><span style=\"font-family: georgia, palatino, serif;color: #800000\">Pol\u00edticas de Forma\u00e7\u00e3o Docente: Teorias Educacionais, Trabalho Educativo e Identidade Docente<\/span><\/td>\n<td style=\"width: 11.1588%\">\n<p align=\"CENTER\"><span style=\"color: #800000;font-family: georgia, palatino, serif\">4<\/span><\/p>\n<\/td>\n<td style=\"width: 16.5951%\">\n<p align=\"CENTER\"><span style=\"color: #800000;font-family: georgia, palatino, serif\">60 h\/a<\/span><\/p>\n<\/td>\n<\/tr>\n<tr style=\"height: 56px\">\n<td style=\"width: 60.9435%;height: 56px\" width=\"435\">\n<p align=\"JUSTIFY\"><span style=\"font-family: georgia, palatino, serif;color: #800000\"><a style=\"color: #800000\" href=\"https:\/\/www2.unicentro.br\/ppge\/files\/2022\/04\/ementa-POLITICAS-EDUCACIONAIS-INCLUSIVAS-E-FORMACAO-DOCENTE.pdf\">Pol\u00edticas Educacionais Inclusivas e Forma\u00e7\u00e3o Docente<\/a><\/span><\/p>\n<\/td>\n<td style=\"width: 11.1588%;height: 56px\" width=\"76\">\n<p align=\"CENTER\"><span style=\"color: #800000;font-family: georgia, palatino, serif\">4<\/span><\/p>\n<\/td>\n<td style=\"width: 16.5951%;height: 56px\" width=\"115\">\n<p align=\"CENTER\"><span style=\"color: #800000;font-family: georgia, palatino, serif\">60 h\/a<\/span><\/p>\n<\/td>\n<\/tr>\n<tr style=\"height: 70px\">\n<td style=\"text-align: left;width: 60.9435%\"><span style=\"color: #800000;font-family: georgia, palatino, serif\">Pol\u00edticas Inclusivas e Afirmativas na Educa\u00e7\u00e3o<\/span><\/td>\n<td style=\"text-align: center;width: 11.1588%\"><span style=\"font-family: georgia, palatino, serif;color: #800000\">4<\/span><\/td>\n<td style=\"text-align: center;width: 16.5951%\"><span style=\"font-family: georgia, palatino, serif;color: #800000\">60 h\/a<\/span><\/td>\n<\/tr>\n<tr style=\"height: 63px\">\n<td style=\"width: 60.9435%;height: 63px\"><span style=\"font-family: georgia, palatino, serif;color: #800000\"><a style=\"color: #800000\" href=\"https:\/\/www2.unicentro.br\/ppge\/files\/2025\/09\/Politicas-Publicas-de-Financiamento-da-Educacao-Prof.-Willson.pdf\">Pol\u00edticas P\u00fablicas de Financiamento da Educa\u00e7\u00e3o<\/a><\/span><\/td>\n<td style=\"width: 11.1588%;height: 63px\">\n<p align=\"CENTER\"><span style=\"color: #800000;font-family: georgia, palatino, serif\">4<\/span><\/p>\n<\/td>\n<td style=\"width: 16.5951%;height: 63px\">\n<p align=\"CENTER\"><span style=\"color: #800000;font-family: georgia, palatino, serif\">60 h\/a<\/span><\/p>\n<\/td>\n<\/tr>\n<tr style=\"height: 56px\">\n<td style=\"width: 60.9435%;height: 56px\" width=\"435\">\n<p align=\"JUSTIFY\"><span style=\"font-family: georgia, palatino, serif;color: #800000\"><a style=\"color: #800000\" href=\"http:\/\/www2.unicentro.br\/ppge\/files\/2013\/11\/politicas_publicas_e_gestao_educacional.pdf\">Pol\u00edticas P\u00fablicas e Gest\u00e3o Educacional<\/a><\/span><\/p>\n<\/td>\n<td style=\"width: 11.1588%;height: 56px\">\n<p align=\"CENTER\"><span style=\"color: #800000;font-family: georgia, palatino, serif\">4<\/span><\/p>\n<\/td>\n<td style=\"width: 16.5951%;height: 56px\">\n<p align=\"CENTER\"><span style=\"color: #800000;font-family: georgia, palatino, serif\">60 h\/a<\/span><\/p>\n<\/td>\n<\/tr>\n<tr style=\"height: 56px\">\n<td style=\"width: 60.9435%;height: 56px\"><span style=\"font-family: georgia, palatino, serif;color: #800000\"><a style=\"color: #800000\" href=\"https:\/\/www2.unicentro.br\/ppge\/files\/2022\/06\/Ementa-MED-159-DED-128-Seminarios-sobre-Politica-Trabalho-e-Educacao.pdf\">Semin\u00e1rios sobre Pol\u00edtica, Trabalho e Educa\u00e7\u00e3o<\/a><\/span><\/td>\n<td style=\"width: 11.1588%;height: 56px\">\n<p align=\"CENTER\"><span style=\"color: #800000;font-family: georgia, palatino, serif\">4<\/span><\/p>\n<\/td>\n<td style=\"width: 16.5951%;height: 56px\">\n<p align=\"CENTER\"><span style=\"color: #800000;font-family: georgia, palatino, serif\">60 h\/a<\/span><\/p>\n<\/td>\n<\/tr>\n<tr style=\"height: 80px\">\n<td style=\"width: 60.9435%\"><span style=\"font-family: georgia, palatino, serif;color: #800000\">Semin\u00e1rio Tem\u00e1tico I &#8211; Mapeamento e Sistematiza\u00e7\u00e3o da Produ\u00e7\u00e3o Acad\u00eamica<\/span><\/td>\n<td style=\"width: 11.1588%\">\n<p align=\"CENTER\"><span style=\"color: #800000;font-family: georgia, palatino, serif\">2<\/span><\/p>\n<\/td>\n<td style=\"width: 16.5951%\">\n<p align=\"CENTER\"><span style=\"color: #800000;font-family: georgia, palatino, serif\">30 h\/a<\/span><\/p>\n<\/td>\n<\/tr>\n<tr style=\"height: 68px\">\n<td style=\"width: 60.9435%;height: 68px\"><span style=\"font-family: georgia, palatino, serif;color: #800000\"><a style=\"color: #800000\" href=\"https:\/\/www2.unicentro.br\/ppge\/files\/2025\/03\/MED-166-Topicos-especiais-em-analises-sociologicas-aplicadas-a-Educacao.pdf\">T\u00f3picos Especiais em An\u00e1lises Sociol\u00f3gicas Aplicadas \u00e0 Educa\u00e7\u00e3o<\/a><\/span><\/td>\n<td style=\"width: 11.1588%;height: 68px\">\n<p align=\"CENTER\"><span style=\"color: #800000;font-family: georgia, palatino, serif\">2<\/span><\/p>\n<\/td>\n<td style=\"width: 16.5951%;height: 68px\">\n<p align=\"CENTER\"><span style=\"color: #800000;font-family: georgia, palatino, serif\">30 h\/a<\/span><\/p>\n<\/td>\n<\/tr>\n<tr style=\"height: 67px\">\n<td style=\"width: 60.9435%;height: 67px\"><a href=\"https:\/\/www2.unicentro.br\/ppge\/files\/2025\/09\/Plano-Topicos-Cultura-Tecnologia-e-Formacao-2025.pdf\"><span style=\"font-family: georgia, palatino, serif;color: #800000\">T\u00f3picos Especiais em Cultura, Tecnologia e Forma\u00e7\u00e3o<\/span><\/a><\/td>\n<td style=\"width: 11.1588%;height: 67px\">\n<p align=\"CENTER\"><span style=\"color: #800000;font-family: georgia, palatino, serif\">4<\/span><\/p>\n<\/td>\n<td style=\"width: 16.5951%;height: 67px\">\n<p align=\"CENTER\"><span style=\"color: #800000;font-family: georgia, palatino, serif\">60 h\/a<\/span><\/p>\n<\/td>\n<\/tr>\n<tr style=\"height: 56px\">\n<td style=\"width: 60.9435%;height: 56px\" width=\"435\"><span style=\"font-family: georgia, palatino, serif;color: #800000\"><a style=\"color: #800000\" href=\"https:\/\/www2.unicentro.br\/ppge\/files\/2022\/04\/MED-124-DISCIPLINA-TEORIA-CRITCA-E-EDUCACAO-NOVA-EMENTA.pdf\" target=\"_blank\" rel=\"noopener noreferrer\">T\u00f3picos Especiais em Educa\u00e7\u00e3o XII: Teoria Cr\u00edtica e Educa\u00e7\u00e3o<\/a><\/span><\/td>\n<td style=\"width: 11.1588%;height: 56px\" width=\"76\">\n<p align=\"CENTER\"><span style=\"color: #800000;font-family: georgia, palatino, serif\">4<\/span><\/p>\n<\/td>\n<td style=\"width: 16.5951%;height: 56px\" width=\"115\">\n<p align=\"CENTER\"><span style=\"color: #800000;font-family: georgia, palatino, serif\">60 h\/a<\/span><\/p>\n<\/td>\n<\/tr>\n<tr style=\"height: 80px\">\n<td style=\"width: 60.9435%;height: 80px\"><span style=\"font-family: georgia, palatino, serif;color: #800000\">T\u00f3picos Especiais em Educa\u00e7\u00e3o XIX: Educa\u00e7\u00e3o e Descoloniza\u00e7\u00e3o: Cr\u00edtica da Pedagogia Cr\u00edtica<\/span><\/td>\n<td style=\"width: 11.1588%;height: 80px\">\n<p align=\"CENTER\"><span style=\"color: #800000;font-family: georgia, palatino, serif\">4<\/span><\/p>\n<\/td>\n<td style=\"width: 16.5951%;height: 80px\">\n<p align=\"CENTER\"><span style=\"color: #800000;font-family: georgia, palatino, serif\">60 h\/a<\/span><\/p>\n<\/td>\n<\/tr>\n<tr style=\"height: 57px\">\n<td style=\"width: 88.6974%;height: 57px\" colspan=\"3\" bgcolor=\"#800000\" width=\"696\" height=\"30\">\n<p align=\"CENTER\"><strong><span style=\"color: #ffffff\"><span style=\"font-family: Verdana, sans-serif\">Linha de Pesquisa: <\/span><\/span><\/strong><strong><span style=\"color: #ffffff\"><span style=\"font-family: Verdana, sans-serif\"><b>Educa\u00e7\u00e3o, Cultura e Diversidade<\/b><\/span><\/span><\/strong><\/p>\n<\/td>\n<\/tr>\n<tr style=\"height: 82px\">\n<td style=\"width: 60.9435%;height: 82px\" bgcolor=\"#800000\" width=\"435\">\n<p align=\"CENTER\"><strong><span style=\"color: #ffffff\"><span style=\"font-family: Verdana, sans-serif\">Disciplina<\/span><\/span><\/strong><\/p>\n<\/td>\n<td style=\"width: 11.1588%;height: 82px\" bgcolor=\"#800000\" width=\"76\">\n<p align=\"CENTER\"><strong><span style=\"color: #ffffff\"><span style=\"font-family: Verdana, sans-serif\">Cr\u00e9ditos<\/span><\/span><\/strong><\/p>\n<\/td>\n<td style=\"width: 16.5951%;height: 82px\" bgcolor=\"#800000\" width=\"115\">\n<p align=\"CENTER\"><strong><span style=\"color: #ffffff\"><span style=\"font-family: Verdana, sans-serif\">Carga Hor\u00e1ria<\/span><\/span><\/strong><\/p>\n<\/td>\n<\/tr>\n<tr style=\"height: 63px\">\n<td style=\"width: 60.9435%;height: 63px\" width=\"435\"><span style=\"font-family: georgia, palatino, serif;color: #800000\"><a style=\"color: #800000\" href=\"http:\/\/www2.unicentro.br\/ppge\/files\/2016\/06\/MED-128.pdf\" target=\"_blank\" rel=\"noopener noreferrer\">Altas Habilidades\/Superdota\u00e7\u00e3o e Princ\u00edpios Educativos<\/a><\/span><\/td>\n<td style=\"width: 11.1588%;height: 63px\" width=\"76\">\n<p align=\"CENTER\"><span style=\"color: #800000;font-family: georgia, palatino, serif\">4<\/span><\/p>\n<\/td>\n<td style=\"width: 16.5951%;height: 63px\" width=\"115\">\n<p align=\"CENTER\"><span style=\"color: #800000;font-family: georgia, palatino, serif\">60 h\/a<\/span><\/p>\n<\/td>\n<\/tr>\n<tr style=\"height: 56px\">\n<td style=\"width: 60.9435%;height: 46px\" width=\"435\">\n<p align=\"JUSTIFY\"><span style=\"font-family: georgia, palatino, serif;color: #800000\">A Moralidade e o Conhecimento Socioambiental<\/span><\/p>\n<\/td>\n<td style=\"width: 11.1588%;height: 46px\" width=\"76\">\n<p align=\"CENTER\"><span style=\"color: #800000;font-family: georgia, palatino, serif\">4<\/span><\/p>\n<\/td>\n<td style=\"width: 16.5951%;height: 46px\" width=\"115\">\n<p align=\"CENTER\"><span style=\"color: #800000;font-family: georgia, palatino, serif\">60 h\/a<\/span><\/p>\n<\/td>\n<\/tr>\n<tr style=\"height: 56px\">\n<td style=\"text-align: left;width: 60.9435%;height: 52px\"><span style=\"color: #800000;font-family: georgia, palatino, serif\"><a style=\"color: #800000\" href=\"https:\/\/www2.unicentro.br\/ppge\/files\/2023\/03\/MED-160-CULTURA-DA-ESCOLAR-E-CONHECIMENTO.pdf\">Cultura Escolar e Conhecimento<\/a><\/span><\/td>\n<td style=\"text-align: center;width: 11.1588%;height: 52px\"><span style=\"font-family: georgia, palatino, serif;color: #800000\">4<\/span><\/td>\n<td style=\"text-align: center;width: 16.5951%;height: 52px\"><span style=\"font-family: georgia, palatino, serif;color: #800000\">60 h\/a<\/span><\/td>\n<\/tr>\n<tr style=\"height: 56px\">\n<td style=\"text-align: left;width: 60.9435%;height: 54px\"><span style=\"color: #800000;font-family: georgia, palatino, serif\">Curr\u00edculo e Diversidade Sexual<\/span><\/td>\n<td style=\"text-align: center;width: 11.1588%;height: 54px\"><span style=\"font-family: georgia, palatino, serif;color: #800000\">\u00a04<\/span><\/td>\n<td style=\"text-align: center;width: 16.5951%;height: 54px\"><span style=\"font-family: georgia, palatino, serif;color: #800000\">60 h\/a\u00a0<\/span><\/td>\n<\/tr>\n<tr style=\"height: 56px\">\n<td style=\"text-align: left;width: 60.9435%;height: 69px\"><span style=\"color: #800000;font-family: georgia, palatino, serif\">Di\u00e1logos Interdisciplinares sobre o Ensino e a Experi\u00eancia <\/span><span style=\"color: #800000;font-family: georgia, palatino, serif\">Religiosa<\/span><\/td>\n<td style=\"text-align: center;width: 11.1588%;height: 69px\"><span style=\"font-family: georgia, palatino, serif;color: #800000\">2<\/span><\/td>\n<td style=\"text-align: center;width: 16.5951%;height: 69px\"><span style=\"font-family: georgia, palatino, serif;color: #800000\">30 h\/a<\/span><\/td>\n<\/tr>\n<tr style=\"height: 56px\">\n<td style=\"text-align: left;width: 60.9435%\"><span style=\"color: #800000;font-family: georgia, palatino, serif\">Did\u00e1tica da Hist\u00f3ria: Teoria e Pesquisa<\/span><\/td>\n<td style=\"text-align: center;width: 11.1588%\"><span style=\"font-family: georgia, palatino, serif;color: #800000\">4<\/span><\/td>\n<td style=\"text-align: center;width: 16.5951%\"><span style=\"font-family: georgia, palatino, serif;color: #800000\">60 h\/a<\/span><\/td>\n<\/tr>\n<tr style=\"height: 56px\">\n<td style=\"text-align: left;width: 60.9435%\"><span style=\"color: #800000;font-family: georgia, palatino, serif\">Educa\u00e7\u00e3o e Cultura em Processos N\u00e3o-Formais de Aprendizagem<\/span><\/td>\n<td style=\"text-align: center;width: 11.1588%\"><span style=\"font-family: georgia, palatino, serif;color: #800000\">4<\/span><\/td>\n<td style=\"text-align: center;width: 16.5951%\"><span style=\"font-family: georgia, palatino, serif;color: #800000\">60 h\/a<\/span><\/td>\n<\/tr>\n<tr style=\"height: 56px\">\n<td style=\"text-align: left;width: 60.9435%;height: 60px\"><span style=\"color: #800000;font-family: georgia, palatino, serif\"><a style=\"color: #800000\" href=\"https:\/\/www2.unicentro.br\/ppge\/files\/2025\/09\/Educacao-Infancia-e-Medicalizacao-Prof.a-Kyrlian.pdf\">Educa\u00e7\u00e3o, Inf\u00e2ncia e Medicaliza\u00e7\u00e3o<\/a><\/span><\/td>\n<td style=\"text-align: center;width: 11.1588%;height: 60px\"><span style=\"font-family: georgia, palatino, serif;color: #800000\">4<\/span><\/td>\n<td style=\"text-align: center;width: 16.5951%;height: 60px\"><span style=\"font-family: georgia, palatino, serif;color: #800000\">60 h\/a<\/span><\/td>\n<\/tr>\n<tr style=\"height: 56px\">\n<td style=\"text-align: left;width: 60.9435%\"><span style=\"color: #800000;font-family: georgia, palatino, serif\">Educa\u00e7\u00e3o Integral e Pr\u00e1ticas Pedag\u00f3gicas Criativas<\/span><\/td>\n<td style=\"text-align: center;width: 11.1588%\"><span style=\"font-family: georgia, palatino, serif;color: #800000\">4<\/span><\/td>\n<td style=\"text-align: center;width: 16.5951%\"><span style=\"font-family: georgia, palatino, serif;color: #800000\">60 h\/a<\/span><\/td>\n<\/tr>\n<tr style=\"height: 56px\">\n<td style=\"width: 60.9435%;height: 56px\" width=\"435\">\n<p align=\"JUSTIFY\"><span style=\"font-family: georgia, palatino, serif;color: #800000\"><a style=\"color: #800000\" href=\"http:\/\/www2.unicentro.br\/ppge\/files\/2013\/11\/EDUCA_O_SEXUALIDADE_E_RELA_ES_DE_G_NERO_512a402906a8c.pdf\">Educa\u00e7\u00e3o, Sexualidade e Rela\u00e7\u00f5es de G\u00eanero<\/a><\/span><\/p>\n<\/td>\n<td style=\"width: 11.1588%;height: 56px\" width=\"76\">\n<p align=\"CENTER\"><span style=\"color: #800000;font-family: georgia, palatino, serif\">4<\/span><\/p>\n<\/td>\n<td style=\"width: 16.5951%;height: 56px\" width=\"115\">\n<p align=\"CENTER\"><span style=\"color: #800000;font-family: georgia, palatino, serif\">60 h\/a<\/span><\/p>\n<\/td>\n<\/tr>\n<tr style=\"height: 56px\">\n<td style=\"width: 60.9435%;height: 56px\" width=\"435\">\n<p align=\"JUSTIFY\"><span style=\"font-family: georgia, palatino, serif;color: #800000\"><a style=\"color: #800000\" href=\"http:\/\/www2.unicentro.br\/ppge\/files\/2013\/11\/ENSINO_E_APRENDIZAGEM_NO_CONTEXTO_EDUCACIONAL_INCLUSIVO_512a4039627f7.pdf\">Ensino e Aprendizagem no Contexto Educacional Inclusivo<\/a><\/span><\/p>\n<\/td>\n<td style=\"width: 11.1588%;height: 56px\" width=\"76\">\n<p align=\"CENTER\"><span style=\"color: #800000;font-family: georgia, palatino, serif\">4<\/span><\/p>\n<\/td>\n<td style=\"width: 16.5951%;height: 56px\" width=\"115\">\n<p align=\"CENTER\"><span style=\"color: #800000;font-family: georgia, palatino, serif\">60 h\/a<\/span><\/p>\n<\/td>\n<\/tr>\n<tr style=\"height: 56px\">\n<td style=\"text-align: left;width: 60.9435%;height: 38px\"><span style=\"color: #800000;font-family: georgia, palatino, serif\"><a style=\"color: #800000\" href=\"https:\/\/www2.unicentro.br\/ppge\/files\/2025\/03\/MED-162-Identidade-da-Pedagogia-e-a-Pedagogia-Social.pdf\">Identidade da Pedagogia e a Pedagogia Social<\/a><\/span><\/td>\n<td style=\"text-align: center;width: 11.1588%;height: 38px\"><span style=\"font-family: georgia, palatino, serif;color: #800000\">4<\/span><\/td>\n<td style=\"text-align: center;width: 16.5951%;height: 38px\"><span style=\"font-family: georgia, palatino, serif;color: #800000\">60 h\/a\u00a0<\/span><\/td>\n<\/tr>\n<tr style=\"height: 72px\">\n<td style=\"width: 60.9435%;height: 72px\" width=\"435\"><span style=\"font-family: georgia, palatino, serif;color: #800000\"><a style=\"color: #800000\" href=\"http:\/\/www2.unicentro.br\/ppge\/files\/2013\/11\/topicos6.pdf\">Implica\u00e7\u00f5es Socioeducacionais do Ensino da Hist\u00f3ria e Cultura Afro-Brasileira e Africana<\/a><\/span><\/td>\n<td style=\"width: 11.1588%;height: 72px\" width=\"76\">\n<p align=\"CENTER\"><span style=\"color: #800000;font-family: georgia, palatino, serif\">4<\/span><\/p>\n<\/td>\n<td style=\"width: 16.5951%;height: 72px\" width=\"115\">\n<p align=\"CENTER\"><span style=\"color: #800000;font-family: georgia, palatino, serif\">60 h\/a<\/span><\/p>\n<\/td>\n<\/tr>\n<tr style=\"height: 56px\">\n<td style=\"width: 60.9435%;height: 49px\" width=\"435\">\n<p align=\"JUSTIFY\"><span style=\"font-family: georgia, palatino, serif;color: #800000\"><a style=\"color: #800000\" href=\"http:\/\/www2.unicentro.br\/ppge\/files\/2013\/11\/infancia_e_cultura.pdf\">Inf\u00e2ncia e Cultura<\/a><\/span><\/p>\n<\/td>\n<td style=\"width: 11.1588%;height: 49px\" width=\"76\">\n<p align=\"CENTER\"><span style=\"color: #800000;font-family: georgia, palatino, serif\">4<\/span><\/p>\n<\/td>\n<td style=\"width: 16.5951%;height: 49px\" width=\"115\">\n<p align=\"CENTER\"><span style=\"color: #800000;font-family: georgia, palatino, serif\">60 h\/a<\/span><\/p>\n<\/td>\n<\/tr>\n<tr style=\"height: 56px\">\n<td style=\"text-align: left;width: 60.9435%;height: 51px\"><span style=\"color: #800000;font-family: georgia, palatino, serif\"><a style=\"color: #800000\" href=\"https:\/\/www2.unicentro.br\/ppge\/files\/2025\/03\/MED-165-Infancia-e-praticas-pedagogicas.pdf\">Inf\u00e2ncia e Pr\u00e1ticas Pedag\u00f3gicas<\/a><\/span><\/td>\n<td style=\"text-align: center;width: 11.1588%;height: 51px\"><span style=\"font-family: georgia, palatino, serif;color: #800000\">4<\/span><\/td>\n<td style=\"text-align: center;width: 16.5951%;height: 51px\"><span style=\"font-family: georgia, palatino, serif;color: #800000\">60 h\/a\u00a0<\/span><\/td>\n<\/tr>\n<tr style=\"height: 56px\">\n<td style=\"text-align: left;width: 60.9435%;height: 65px\"><span style=\"color: #800000;font-family: georgia, palatino, serif\"><a style=\"color: #800000\" href=\"https:\/\/www2.unicentro.br\/ppge\/files\/2025\/09\/Libras-e-Educacao-de-Surdos-Prof.a-Eliziane.pdf\">Libras e Educa\u00e7\u00e3o de Surdos<\/a><\/span><\/td>\n<td style=\"text-align: center;width: 11.1588%;height: 65px\"><span style=\"font-family: georgia, palatino, serif;color: #800000\">4<\/span><\/td>\n<td style=\"text-align: center;width: 16.5951%;height: 65px\"><span style=\"font-family: georgia, palatino, serif;color: #800000\">60 h\/a<\/span><\/td>\n<\/tr>\n<tr style=\"height: 56px\">\n<td style=\"text-align: left;width: 60.9435%;height: 60px\"><span style=\"color: #800000;font-family: georgia, palatino, serif\"><a style=\"color: #800000\" href=\"https:\/\/www2.unicentro.br\/ppge\/files\/2022\/04\/ementa-MULTICULTURALISMO-E-PRATICAS-EDUCATIVAS-1.pdf\">Multiculturalismo e Pr\u00e1ticas Educativas<\/a><\/span><\/td>\n<td style=\"text-align: center;width: 11.1588%;height: 60px\"><span style=\"font-family: georgia, palatino, serif;color: #800000\">4<\/span><\/td>\n<td style=\"text-align: center;width: 16.5951%;height: 60px\"><span style=\"font-family: georgia, palatino, serif;color: #800000\">60 h\/a<\/span><\/td>\n<\/tr>\n<tr style=\"height: 70px\">\n<td style=\"text-align: left;width: 60.9435%;height: 92px\"><span style=\"color: #800000;font-family: georgia, palatino, serif\"><a style=\"color: #800000\" href=\"https:\/\/www2.unicentro.br\/ppge\/files\/2025\/03\/MED-164-PESQUISA-NARRATIVA-EM-EDUCACAO.pdf\">Pesquisa Narrativa em Educa\u00e7\u00e3o: Abordagens te\u00f3rico-metodol\u00f3gicas<\/a><\/span><\/td>\n<td style=\"text-align: center;width: 11.1588%;height: 92px\"><span style=\"font-family: georgia, palatino, serif;color: #800000\">2<\/span><\/td>\n<td style=\"text-align: center;width: 16.5951%;height: 92px\"><span style=\"font-family: georgia, palatino, serif;color: #800000\">\u00a030 h\/a<\/span><\/td>\n<\/tr>\n<tr style=\"height: 80px\">\n<td style=\"width: 60.9435%;height: 62px\" width=\"435\">\n<p align=\"JUSTIFY\"><span style=\"font-family: georgia, palatino, serif;color: #800000\"><a style=\"color: #800000\" href=\"http:\/\/www2.unicentro.br\/ppge\/files\/2013\/11\/politicas_e_praticas_pedagogicas_em_contextos_multiculturais.pdf\">Pol\u00edticas e Pr\u00e1ticas Pedag\u00f3gicas em Contextos Multiculturais<\/a><\/span><\/p>\n<\/td>\n<td style=\"width: 11.1588%;height: 62px\" width=\"76\">\n<p align=\"CENTER\"><span style=\"color: #800000;font-family: georgia, palatino, serif\">4<\/span><\/p>\n<\/td>\n<td style=\"width: 16.5951%;height: 62px\" width=\"115\">\n<p align=\"CENTER\"><span style=\"color: #800000;font-family: georgia, palatino, serif\">60 h\/a<\/span><\/p>\n<\/td>\n<\/tr>\n<tr style=\"height: 56px\">\n<td style=\"width: 60.9435%;height: 56px\" width=\"435\"><span style=\"font-family: georgia, palatino, serif;color: #800000\"><a style=\"color: #800000\" href=\"http:\/\/www2.unicentro.br\/ppge\/files\/2016\/08\/PLANO-DE-ENSINO-COMUNICACAO-EDUCACAO-E-TECNOLOGIA-PPGE-JAMILE.pdf\" target=\"_blank\" rel=\"noopener noreferrer\">T\u00f3picos Especiais em Educa\u00e7\u00e3o X: Comunica\u00e7\u00e3o, Educa\u00e7\u00e3o e Tecnologia<\/a><\/span><\/td>\n<td style=\"width: 11.1588%;height: 56px\" width=\"76\">\n<p align=\"CENTER\"><span style=\"color: #800000;font-family: georgia, palatino, serif\">4<\/span><\/p>\n<\/td>\n<td style=\"width: 16.5951%;height: 56px\" width=\"115\">\n<p align=\"CENTER\"><span style=\"color: #800000;font-family: georgia, palatino, serif\">60 h\/a<\/span><\/p>\n<\/td>\n<\/tr>\n<tr style=\"height: 65px\">\n<td style=\"width: 60.9435%;height: 65px\"><span style=\"color: #800000;font-family: georgia, palatino, serif\"><a style=\"color: #800000\" href=\"https:\/\/www2.unicentro.br\/ppge\/files\/2022\/04\/Ementa-MED-127-Cultura-corporal-educacao-e-contemporaneidade-2015.pdf\">T\u00f3picos Especiais em Educa\u00e7\u00e3o XI: Cultura Corporal, Educa\u00e7\u00e3o e Contemporaneidade<\/a><\/span><\/td>\n<td style=\"width: 11.1588%;height: 65px\">\n<p align=\"CENTER\"><span style=\"color: #800000;font-family: georgia, palatino, serif\">4<\/span><\/p>\n<\/td>\n<td style=\"width: 16.5951%;height: 65px\">\n<p align=\"CENTER\"><span style=\"color: #800000;font-family: georgia, palatino, serif\">60 h\/a<\/span><\/p>\n<\/td>\n<\/tr>\n<tr style=\"height: 82px\">\n<td style=\"text-align: left;width: 60.9435%;height: 82px\"><span style=\"color: #800000;font-family: georgia, palatino, serif\"><a style=\"color: #800000\" href=\"https:\/\/www2.unicentro.br\/ppge\/files\/2022\/04\/Ementa-MED-133.pdf\">T\u00f3picos Especiais em Educa\u00e7\u00e3o XVIII: Educa\u00e7\u00e3o Hist\u00f3rica: Teoria e Pesquisa<\/a><\/span><\/td>\n<td style=\"text-align: center;width: 11.1588%;height: 82px\"><span style=\"font-family: georgia, palatino, serif;color: #800000\">4<\/span><\/td>\n<td style=\"text-align: center;width: 16.5951%;height: 82px\"><span style=\"font-family: georgia, palatino, serif;color: #800000\">60 h\/a<\/span><\/td>\n<\/tr>\n<tr style=\"height: 75px\">\n<td style=\"text-align: left;width: 60.9435%;height: 75px\"><span style=\"color: #800000;font-family: georgia, palatino, serif\"><a style=\"color: #800000\" href=\"https:\/\/www2.unicentro.br\/ppge\/files\/2022\/04\/MED-144-Jorn-Rusen-e-o-Ensino-de-Historia.pdf\">T\u00f3picos Especiais em Educa\u00e7\u00e3o XXIX: J\u00f6rn R\u00fcsen e o Ensino de Hist\u00f3ria<\/a><\/span><\/td>\n<td style=\"text-align: center;width: 11.1588%;height: 75px\"><span style=\"font-family: georgia, palatino, serif;color: #800000\">4<\/span><\/td>\n<td style=\"text-align: center;width: 16.5951%;height: 75px\"><span style=\"font-family: georgia, palatino, serif;color: #800000\">60 h\/a<\/span><\/td>\n<\/tr>\n<tr style=\"height: 70px\">\n<td style=\"text-align: left;width: 60.9435%;height: 70px\"><span style=\"color: #800000;font-family: georgia, palatino, serif\"><a style=\"color: #800000\" href=\"https:\/\/www2.unicentro.br\/ppge\/files\/2022\/04\/plano-de-ensino-de-ed-nao-formal.-doc.pdf\">T\u00f3picos Especiais em Educa\u00e7\u00e3o XXXIV: Educa\u00e7\u00e3o Em Contextos N\u00e3o Formais e Informais<\/a><\/span><\/td>\n<td style=\"text-align: center;width: 11.1588%;height: 70px\"><span style=\"font-family: georgia, palatino, serif;color: #800000\">4<\/span><\/td>\n<td style=\"text-align: center;width: 16.5951%;height: 70px\"><span style=\"font-family: georgia, palatino, serif;color: #800000\">60 h\/a<\/span><\/td>\n<\/tr>\n<\/tbody>\n<\/table>\n<p>&nbsp;<\/p>\n","protected":false},"excerpt":{"rendered":"<p>DISCIPLINAS OBRIGAT\u00d3RIAS Disciplina Cr\u00e9ditos Carga Hor\u00e1ria Cultura, Diversidade e Processos Educativos 4 60 h\/a Estado e Pol\u00edticas Educacionais 4 60 h\/a Fundamentos e M\u00e9todos da Pesquisa em Educa\u00e7\u00e3o 4 60 h\/a Semin\u00e1rios de Pesquisa em Educa\u00e7\u00e3o 4 60 h\/a DISCIPLINAS ELETIVAS Linha de Pesquisa: Pol\u00edticas Educacionais, Hist\u00f3ria e Organiza\u00e7\u00e3o da Educa\u00e7\u00e3o Disciplina Cr\u00e9ditos Carga Hor\u00e1ria [&hellip;]<\/p>\n","protected":false},"author":2,"featured_media":0,"parent":0,"menu_order":0,"comment_status":"closed","ping_status":"closed","template":"","meta":{"_exactmetrics_skip_tracking":false,"_exactmetrics_sitenote_active":false,"_exactmetrics_sitenote_note":"","_exactmetrics_sitenote_category":0,"ngg_post_thumbnail":0,"footnotes":"","_links_to":"","_links_to_target":""},"class_list":["post-17","page","type-page","status-publish","hentry"],"publishpress_future_action":{"enabled":false,"date":"2026-05-07 01:30:08","action":"change-status","newStatus":"draft","terms":[],"taxonomy":"","extraData":[]},"publishpress_future_workflow_manual_trigger":{"enabledWorkflows":[]},"_links":{"self":[{"href":"https:\/\/www2.unicentro.br\/ppge\/wp-json\/wp\/v2\/pages\/17","targetHints":{"allow":["GET"]}}],"collection":[{"href":"https:\/\/www2.unicentro.br\/ppge\/wp-json\/wp\/v2\/pages"}],"about":[{"href":"https:\/\/www2.unicentro.br\/ppge\/wp-json\/wp\/v2\/types\/page"}],"author":[{"embeddable":true,"href":"https:\/\/www2.unicentro.br\/ppge\/wp-json\/wp\/v2\/users\/2"}],"replies":[{"embeddable":true,"href":"https:\/\/www2.unicentro.br\/ppge\/wp-json\/wp\/v2\/comments?post=17"}],"version-history":[{"count":79,"href":"https:\/\/www2.unicentro.br\/ppge\/wp-json\/wp\/v2\/pages\/17\/revisions"}],"predecessor-version":[{"id":8889,"href":"https:\/\/www2.unicentro.br\/ppge\/wp-json\/wp\/v2\/pages\/17\/revisions\/8889"}],"wp:attachment":[{"href":"https:\/\/www2.unicentro.br\/ppge\/wp-json\/wp\/v2\/media?parent=17"}],"curies":[{"name":"wp","href":"https:\/\/api.w.org\/{rel}","templated":true}]}}